{"id":720,"date":"2020-10-27T08:53:55","date_gmt":"2020-10-27T07:53:55","guid":{"rendered":"https:\/\/www.kirche-langenfeld.de\/ev\/?page_id=720"},"modified":"2025-02-26T15:29:37","modified_gmt":"2025-02-26T14:29:37","slug":"vita-esther-kim","status":"publish","type":"page","link":"https:\/\/www.kirche-langenfeld.de\/ev\/vita-esther-kim\/","title":{"rendered":"Vita Esther Kim"},"content":{"rendered":"<div class=\"wp-block-image\">\n<figure class=\"alignleft size-large is-resized\"><img loading=\"lazy\" decoding=\"async\" width=\"1024\" height=\"683\" src=\"https:\/\/www.kirche-langenfeld.de\/ev\/wp-content\/uploads\/2021\/10\/Esther-Kim-1024x683.jpg\" alt=\"Esther Kim - Kantorin an der Langenfeld Erl\u00f6serkirche\" class=\"wp-image-5521\" style=\"width:411px;height:auto\" srcset=\"https:\/\/www.kirche-langenfeld.de\/ev\/wp-content\/uploads\/2021\/10\/Esther-Kim-1024x683.jpg 1024w, https:\/\/www.kirche-langenfeld.de\/ev\/wp-content\/uploads\/2021\/10\/Esther-Kim-300x200.jpg 300w, https:\/\/www.kirche-langenfeld.de\/ev\/wp-content\/uploads\/2021\/10\/Esther-Kim-768x512.jpg 768w, https:\/\/www.kirche-langenfeld.de\/ev\/wp-content\/uploads\/2021\/10\/Esther-Kim-1536x1024.jpg 1536w, https:\/\/www.kirche-langenfeld.de\/ev\/wp-content\/uploads\/2021\/10\/Esther-Kim-2048x1365.jpg 2048w\" sizes=\"auto, (max-width: 1024px) 100vw, 1024px\" \/><figcaption class=\"wp-element-caption\">Esther Kim &#8211; Kantorin an der Langenfeld Erl\u00f6serkirche <\/figcaption><\/figure>\n<\/div>\n\n\n<p>Esther Kim ist in Seoul (S\u00fcdkorea) geboren.<br>Mit 4 Jahre bekam sie ersten Klavierunterricht.<br>1984 \u2013 1990 studierte sie Musikkomposition an der Ehwa Universit\u00e4t in Seoul bei Prof. Byung-Dong Paek und Prof. Doo-Young Sung mit Master Abschluss.<br>1991 kam sie nach Deutschland und studierte Evangelische Kirchenmusik an der Robert Schumann Hochschule in D\u00fcsseldorf, 1992 \u2013 1997 arbeitete sie auch als Assistentin bei KMD Prof. Oskar Gottlieb Blarr.<br>1998 machte sie ihr staatliches A-Examen mit Auszeichnung und anschlie\u00dfend ihr Orgelkonzertexamen bei Prof. Almut R\u00f6\u00dfler.<\/p>\n\n\n\n<p><br><strong>Als Kantorin<\/strong>&nbsp;ist Esther Kim seit 1999 an der evangelischen Erl\u00f6serkirche in Langenfeld t\u00e4tig. Neben ihrer Arbeit mit der Kantorei gr\u00fcndete sie im Jahr 2000 den Jugendchor, 2001 den Modernchor, der mittlerweile mit der Kantorei zu einem Konzertchor verschmolzen ist. 2009 entstand der Junge Kammerchor. In ihrem Kinderchor w\u00e4chst der Nachwuchs heran. In den Sommerferien ist sie die musikalische Leiterin der Kindermusical Projekte in der Erl\u00f6serkirche.<br>Einmal im Monat begleitet sie das Taiz\u00e9 Singen. W\u00f6chentlich teilt sie sich mit dem katholischen Kollegen Matthias Krella die Chorleitung im \u00f6kumenischen Seniorenchor.<\/p>\n\n\n\n<p><strong>Als Musikerin<\/strong>&nbsp;hat Esther Kim an mehreren internationalen Meisterkursen in Dirigieren bei Prof. Lutz Herbig, Sylvain Cambreling u.a. sowie in Orgel Improvisation bei Daniel Roth u.a. teilgenommen.<\/p>\n\n\n\n<p><strong>Als Organistin<\/strong>&nbsp;improvisierte sie 2000 an der Orgel in sieben verschiedenen Kirchen im Rheinland \u00fcber \u201eApokalypse \u2013 39 Bilder zur Offenbarung\u201c von K\u00fcnstler Uwe Appold.<br>2001\/2002 wirkte Esther Kim bei dem John Cage Projekt mit.<br>2003 \u2013 2010 veranstaltete sie gro\u00dfe Orgelprojekte \u201eKunst der Fuge\u201c von J. S. Bach u. a. mit Prof. Oskar Gottlieb Blarr.<\/p>\n\n\n\n<p><strong>Als Dirigentin<\/strong>&nbsp;und Kantorin leitete Esther Kim in den letzten Jahren u.a. folgende St\u00fccke mit gro\u00dfer Orchesterbesetzung: Sinfonisches Gospeloratorium \u201ePrince of Peace\u201c von Ralf Gr\u00f6\u00dfler, \u201eDer Messias\u201c von G.F. H\u00e4ndel, \u201eRequiem\u201c von W. A. Mozart, 2. Sinfonie \u201eLobgesang\u201c von F. Mendelssohn-Bartholdy, \u201eEin deutsches Requiem\u201c von J. Brahms, \u201eMesse c-moll\u201c W.A. Mozart und von J. Rutter \u201eMass oft he Children\u201c.<\/p>\n\n\n\n<p>Dar\u00fcber hinaus liegt ihr die \u00f6kumenische Arbeit und die F\u00f6rderung junger Menschen besonders am Herzen.<\/p>\n","protected":false},"excerpt":{"rendered":"<p>Esther Kim ist in Seoul (S\u00fcdkorea) geboren.Mit 4 Jahre bekam sie ersten Klavierunterricht.1984 \u2013 1990 studierte sie Musikkomposition an der Ehwa Universit\u00e4t in Seoul bei Prof. Byung-Dong Paek und Prof. Doo-Young Sung mit Master Abschluss.1991 kam sie nach Deutschland und studierte Evangelische Kirchenmusik an der Robert Schumann Hochschule in D\u00fcsseldorf, 1992 \u2013 1997 arbeitete sie [&hellip;]<\/p>\n","protected":false},"author":9,"featured_media":0,"parent":0,"menu_order":0,"comment_status":"closed","ping_status":"closed","template":"","meta":{"_uag_custom_page_level_css":"","pgc_sgb_lightbox_settings":"","ocean_post_layout":"","ocean_both_sidebars_style":"","ocean_both_sidebars_content_width":0,"ocean_both_sidebars_sidebars_width":0,"ocean_sidebar":"","ocean_second_sidebar":"","ocean_disable_margins":"enable","ocean_add_body_class":"","ocean_shortcode_before_top_bar":"","ocean_shortcode_after_top_bar":"","ocean_shortcode_before_header":"","ocean_shortcode_after_header":"","ocean_has_shortcode":"","ocean_shortcode_after_title":"","ocean_shortcode_before_footer_widgets":"","ocean_shortcode_after_footer_widgets":"","ocean_shortcode_before_footer_bottom":"","ocean_shortcode_after_footer_bottom":"","ocean_display_top_bar":"default","ocean_display_header":"default","ocean_header_style":"","ocean_center_header_left_menu":"","ocean_custom_header_template":"","ocean_custom_logo":0,"ocean_custom_retina_logo":0,"ocean_custom_logo_max_width":0,"ocean_custom_logo_tablet_max_width":0,"ocean_custom_logo_mobile_max_width":0,"ocean_custom_logo_max_height":0,"ocean_custom_logo_tablet_max_height":0,"ocean_custom_logo_mobile_max_height":0,"ocean_header_custom_menu":"","ocean_menu_typo_font_family":"","ocean_menu_typo_font_subset":"","ocean_menu_typo_font_size":0,"ocean_menu_typo_font_size_tablet":0,"ocean_menu_typo_font_size_mobile":0,"ocean_menu_typo_font_size_unit":"px","ocean_menu_typo_font_weight":"","ocean_menu_typo_font_weight_tablet":"","ocean_menu_typo_font_weight_mobile":"","ocean_menu_typo_transform":"","ocean_menu_typo_transform_tablet":"","ocean_menu_typo_transform_mobile":"","ocean_menu_typo_line_height":0,"ocean_menu_typo_line_height_tablet":0,"ocean_menu_typo_line_height_mobile":0,"ocean_menu_typo_line_height_unit":"","ocean_menu_typo_spacing":0,"ocean_menu_typo_spacing_tablet":0,"ocean_menu_typo_spacing_mobile":0,"ocean_menu_typo_spacing_unit":"","ocean_menu_link_color":"","ocean_menu_link_color_hover":"","ocean_menu_link_color_active":"","ocean_menu_link_background":"","ocean_menu_link_hover_background":"","ocean_menu_link_active_background":"","ocean_menu_social_links_bg":"","ocean_menu_social_hover_links_bg":"","ocean_menu_social_links_color":"","ocean_menu_social_hover_links_color":"","ocean_disable_title":"default","ocean_disable_heading":"default","ocean_post_title":"","ocean_post_subheading":"","ocean_post_title_style":"","ocean_post_title_background_color":"","ocean_post_title_background":0,"ocean_post_title_bg_image_position":"","ocean_post_title_bg_image_attachment":"","ocean_post_title_bg_image_repeat":"","ocean_post_title_bg_image_size":"","ocean_post_title_height":0,"ocean_post_title_bg_overlay":0.5,"ocean_post_title_bg_overlay_color":"","ocean_disable_breadcrumbs":"default","ocean_breadcrumbs_color":"","ocean_breadcrumbs_separator_color":"","ocean_breadcrumbs_links_color":"","ocean_breadcrumbs_links_hover_color":"","ocean_display_footer_widgets":"default","ocean_display_footer_bottom":"default","ocean_custom_footer_template":"","footnotes":""},"class_list":["post-720","page","type-page","status-publish","hentry","entry"],"featured_image_src":null,"yoast_head":"<!-- This site is optimized with the Yoast SEO plugin v27.0 - https:\/\/yoast.com\/product\/yoast-seo-wordpress\/ -->\n<title>Vita Esther Kim - Evangelische Kirchengemeinde Langenfeld<\/title>\n<meta name=\"robots\" content=\"index, follow, max-snippet:-1, max-image-preview:large, max-video-preview:-1\" \/>\n<link rel=\"canonical\" href=\"https:\/\/www.kirche-langenfeld.de\/ev\/vita-esther-kim\/\" \/>\n<meta property=\"og:locale\" content=\"de_DE\" \/>\n<meta property=\"og:type\" content=\"article\" \/>\n<meta property=\"og:title\" content=\"Vita Esther Kim - Evangelische Kirchengemeinde Langenfeld\" \/>\n<meta property=\"og:description\" content=\"Esther Kim ist in Seoul (S\u00fcdkorea) geboren.Mit 4 Jahre bekam sie ersten Klavierunterricht.1984 \u2013 1990 studierte sie Musikkomposition an der Ehwa Universit\u00e4t in Seoul bei Prof. Byung-Dong Paek und Prof. Doo-Young Sung mit Master Abschluss.1991 kam sie nach Deutschland und studierte Evangelische Kirchenmusik an der Robert Schumann Hochschule in D\u00fcsseldorf, 1992 \u2013 1997 arbeitete sie [&hellip;]\" \/>\n<meta property=\"og:url\" content=\"https:\/\/www.kirche-langenfeld.de\/ev\/vita-esther-kim\/\" \/>\n<meta property=\"og:site_name\" content=\"Evangelische Kirchengemeinde Langenfeld\" \/>\n<meta property=\"article:modified_time\" content=\"2025-02-26T14:29:37+00:00\" \/>\n<meta property=\"og:image\" content=\"https:\/\/www.kirche-langenfeld.de\/ev\/wp-content\/uploads\/2021\/10\/Esther-Kim-scaled.jpg\" \/>\n\t<meta property=\"og:image:width\" content=\"2560\" \/>\n\t<meta property=\"og:image:height\" content=\"1707\" \/>\n\t<meta property=\"og:image:type\" content=\"image\/jpeg\" \/>\n<meta name=\"twitter:card\" content=\"summary_large_image\" \/>\n<meta name=\"twitter:label1\" content=\"Gesch\u00e4tzte Lesezeit\" \/>\n\t<meta name=\"twitter:data1\" content=\"3\u00a0Minuten\" \/>\n<script type=\"application\/ld+json\" class=\"yoast-schema-graph\">{\"@context\":\"https:\/\/schema.org\",\"@graph\":[{\"@type\":\"WebPage\",\"@id\":\"https:\/\/www.kirche-langenfeld.de\/ev\/vita-esther-kim\/\",\"url\":\"https:\/\/www.kirche-langenfeld.de\/ev\/vita-esther-kim\/\",\"name\":\"Vita Esther Kim - Evangelische Kirchengemeinde Langenfeld\",\"isPartOf\":{\"@id\":\"https:\/\/www.kirche-langenfeld.de\/ev\/#website\"},\"primaryImageOfPage\":{\"@id\":\"https:\/\/www.kirche-langenfeld.de\/ev\/vita-esther-kim\/#primaryimage\"},\"image\":{\"@id\":\"https:\/\/www.kirche-langenfeld.de\/ev\/vita-esther-kim\/#primaryimage\"},\"thumbnailUrl\":\"https:\/\/www.kirche-langenfeld.de\/ev\/wp-content\/uploads\/2021\/10\/Esther-Kim-1024x683.jpg\",\"datePublished\":\"2020-10-27T07:53:55+00:00\",\"dateModified\":\"2025-02-26T14:29:37+00:00\",\"breadcrumb\":{\"@id\":\"https:\/\/www.kirche-langenfeld.de\/ev\/vita-esther-kim\/#breadcrumb\"},\"inLanguage\":\"de\",\"potentialAction\":[{\"@type\":\"ReadAction\",\"target\":[\"https:\/\/www.kirche-langenfeld.de\/ev\/vita-esther-kim\/\"]}]},{\"@type\":\"ImageObject\",\"inLanguage\":\"de\",\"@id\":\"https:\/\/www.kirche-langenfeld.de\/ev\/vita-esther-kim\/#primaryimage\",\"url\":\"https:\/\/www.kirche-langenfeld.de\/ev\/wp-content\/uploads\/2021\/10\/Esther-Kim-1024x683.jpg\",\"contentUrl\":\"https:\/\/www.kirche-langenfeld.de\/ev\/wp-content\/uploads\/2021\/10\/Esther-Kim-1024x683.jpg\"},{\"@type\":\"BreadcrumbList\",\"@id\":\"https:\/\/www.kirche-langenfeld.de\/ev\/vita-esther-kim\/#breadcrumb\",\"itemListElement\":[{\"@type\":\"ListItem\",\"position\":1,\"name\":\"Startseite\",\"item\":\"https:\/\/www.kirche-langenfeld.de\/ev\/\"},{\"@type\":\"ListItem\",\"position\":2,\"name\":\"Vita Esther Kim\"}]},{\"@type\":\"WebSite\",\"@id\":\"https:\/\/www.kirche-langenfeld.de\/ev\/#website\",\"url\":\"https:\/\/www.kirche-langenfeld.de\/ev\/\",\"name\":\"Evangelische Kirchengemeinde Langenfeld\",\"description\":\"Informationen rund um unsere Gemeinde\",\"publisher\":{\"@id\":\"https:\/\/www.kirche-langenfeld.de\/ev\/#organization\"},\"potentialAction\":[{\"@type\":\"SearchAction\",\"target\":{\"@type\":\"EntryPoint\",\"urlTemplate\":\"https:\/\/www.kirche-langenfeld.de\/ev\/?s={search_term_string}\"},\"query-input\":{\"@type\":\"PropertyValueSpecification\",\"valueRequired\":true,\"valueName\":\"search_term_string\"}}],\"inLanguage\":\"de\"},{\"@type\":\"Organization\",\"@id\":\"https:\/\/www.kirche-langenfeld.de\/ev\/#organization\",\"name\":\"Evangelische Kirchengemeinde Langenfeld\",\"url\":\"https:\/\/www.kirche-langenfeld.de\/ev\/\",\"logo\":{\"@type\":\"ImageObject\",\"inLanguage\":\"de\",\"@id\":\"https:\/\/www.kirche-langenfeld.de\/ev\/#\/schema\/logo\/image\/\",\"url\":\"https:\/\/www.kirche-langenfeld.de\/ev\/wp-content\/uploads\/2020\/09\/logo-ev-2020.png\",\"contentUrl\":\"https:\/\/www.kirche-langenfeld.de\/ev\/wp-content\/uploads\/2020\/09\/logo-ev-2020.png\",\"width\":276,\"height\":200,\"caption\":\"Evangelische Kirchengemeinde Langenfeld\"},\"image\":{\"@id\":\"https:\/\/www.kirche-langenfeld.de\/ev\/#\/schema\/logo\/image\/\"}}]}<\/script>\n<!-- \/ Yoast SEO plugin. -->","yoast_head_json":{"title":"Vita Esther Kim - Evangelische Kirchengemeinde Langenfeld","robots":{"index":"index","follow":"follow","max-snippet":"max-snippet:-1","max-image-preview":"max-image-preview:large","max-video-preview":"max-video-preview:-1"},"canonical":"https:\/\/www.kirche-langenfeld.de\/ev\/vita-esther-kim\/","og_locale":"de_DE","og_type":"article","og_title":"Vita Esther Kim - Evangelische Kirchengemeinde Langenfeld","og_description":"Esther Kim ist in Seoul (S\u00fcdkorea) geboren.Mit 4 Jahre bekam sie ersten Klavierunterricht.1984 \u2013 1990 studierte sie Musikkomposition an der Ehwa Universit\u00e4t in Seoul bei Prof. Byung-Dong Paek und Prof. Doo-Young Sung mit Master Abschluss.1991 kam sie nach Deutschland und studierte Evangelische Kirchenmusik an der Robert Schumann Hochschule in D\u00fcsseldorf, 1992 \u2013 1997 arbeitete sie [&hellip;]","og_url":"https:\/\/www.kirche-langenfeld.de\/ev\/vita-esther-kim\/","og_site_name":"Evangelische Kirchengemeinde Langenfeld","article_modified_time":"2025-02-26T14:29:37+00:00","og_image":[{"width":2560,"height":1707,"url":"https:\/\/www.kirche-langenfeld.de\/ev\/wp-content\/uploads\/2021\/10\/Esther-Kim-scaled.jpg","type":"image\/jpeg"}],"twitter_card":"summary_large_image","twitter_misc":{"Gesch\u00e4tzte Lesezeit":"3\u00a0Minuten"},"schema":{"@context":"https:\/\/schema.org","@graph":[{"@type":"WebPage","@id":"https:\/\/www.kirche-langenfeld.de\/ev\/vita-esther-kim\/","url":"https:\/\/www.kirche-langenfeld.de\/ev\/vita-esther-kim\/","name":"Vita Esther Kim - Evangelische Kirchengemeinde Langenfeld","isPartOf":{"@id":"https:\/\/www.kirche-langenfeld.de\/ev\/#website"},"primaryImageOfPage":{"@id":"https:\/\/www.kirche-langenfeld.de\/ev\/vita-esther-kim\/#primaryimage"},"image":{"@id":"https:\/\/www.kirche-langenfeld.de\/ev\/vita-esther-kim\/#primaryimage"},"thumbnailUrl":"https:\/\/www.kirche-langenfeld.de\/ev\/wp-content\/uploads\/2021\/10\/Esther-Kim-1024x683.jpg","datePublished":"2020-10-27T07:53:55+00:00","dateModified":"2025-02-26T14:29:37+00:00","breadcrumb":{"@id":"https:\/\/www.kirche-langenfeld.de\/ev\/vita-esther-kim\/#breadcrumb"},"inLanguage":"de","potentialAction":[{"@type":"ReadAction","target":["https:\/\/www.kirche-langenfeld.de\/ev\/vita-esther-kim\/"]}]},{"@type":"ImageObject","inLanguage":"de","@id":"https:\/\/www.kirche-langenfeld.de\/ev\/vita-esther-kim\/#primaryimage","url":"https:\/\/www.kirche-langenfeld.de\/ev\/wp-content\/uploads\/2021\/10\/Esther-Kim-1024x683.jpg","contentUrl":"https:\/\/www.kirche-langenfeld.de\/ev\/wp-content\/uploads\/2021\/10\/Esther-Kim-1024x683.jpg"},{"@type":"BreadcrumbList","@id":"https:\/\/www.kirche-langenfeld.de\/ev\/vita-esther-kim\/#breadcrumb","itemListElement":[{"@type":"ListItem","position":1,"name":"Startseite","item":"https:\/\/www.kirche-langenfeld.de\/ev\/"},{"@type":"ListItem","position":2,"name":"Vita Esther Kim"}]},{"@type":"WebSite","@id":"https:\/\/www.kirche-langenfeld.de\/ev\/#website","url":"https:\/\/www.kirche-langenfeld.de\/ev\/","name":"Evangelische Kirchengemeinde Langenfeld","description":"Informationen rund um unsere Gemeinde","publisher":{"@id":"https:\/\/www.kirche-langenfeld.de\/ev\/#organization"},"potentialAction":[{"@type":"SearchAction","target":{"@type":"EntryPoint","urlTemplate":"https:\/\/www.kirche-langenfeld.de\/ev\/?s={search_term_string}"},"query-input":{"@type":"PropertyValueSpecification","valueRequired":true,"valueName":"search_term_string"}}],"inLanguage":"de"},{"@type":"Organization","@id":"https:\/\/www.kirche-langenfeld.de\/ev\/#organization","name":"Evangelische Kirchengemeinde Langenfeld","url":"https:\/\/www.kirche-langenfeld.de\/ev\/","logo":{"@type":"ImageObject","inLanguage":"de","@id":"https:\/\/www.kirche-langenfeld.de\/ev\/#\/schema\/logo\/image\/","url":"https:\/\/www.kirche-langenfeld.de\/ev\/wp-content\/uploads\/2020\/09\/logo-ev-2020.png","contentUrl":"https:\/\/www.kirche-langenfeld.de\/ev\/wp-content\/uploads\/2020\/09\/logo-ev-2020.png","width":276,"height":200,"caption":"Evangelische Kirchengemeinde Langenfeld"},"image":{"@id":"https:\/\/www.kirche-langenfeld.de\/ev\/#\/schema\/logo\/image\/"}}]}},"uagb_featured_image_src":{"full":false,"thumbnail":false,"medium":false,"medium_large":false,"large":false,"1536x1536":false,"2048x2048":false,"ocean-thumb-m":false,"ocean-thumb-ml":false,"ocean-thumb-l":false},"uagb_author_info":{"display_name":"Ulrike Sch\u00f6n","author_link":"https:\/\/www.kirche-langenfeld.de\/ev\/author\/ulrike-schoen\/"},"uagb_comment_info":0,"uagb_excerpt":"Esther Kim ist in Seoul (S\u00fcdkorea) geboren.Mit 4 Jahre bekam sie ersten Klavierunterricht.1984 \u2013 1990 studierte sie Musikkomposition an der Ehwa Universit\u00e4t in Seoul bei Prof. Byung-Dong Paek und Prof. Doo-Young Sung mit Master Abschluss.1991 kam sie nach Deutschland und studierte Evangelische Kirchenmusik an der Robert Schumann Hochschule in D\u00fcsseldorf, 1992 \u2013 1997 arbeitete sie&hellip;","_links":{"self":[{"href":"https:\/\/www.kirche-langenfeld.de\/ev\/wp-json\/wp\/v2\/pages\/720","targetHints":{"allow":["GET"]}}],"collection":[{"href":"https:\/\/www.kirche-langenfeld.de\/ev\/wp-json\/wp\/v2\/pages"}],"about":[{"href":"https:\/\/www.kirche-langenfeld.de\/ev\/wp-json\/wp\/v2\/types\/page"}],"author":[{"embeddable":true,"href":"https:\/\/www.kirche-langenfeld.de\/ev\/wp-json\/wp\/v2\/users\/9"}],"replies":[{"embeddable":true,"href":"https:\/\/www.kirche-langenfeld.de\/ev\/wp-json\/wp\/v2\/comments?post=720"}],"version-history":[{"count":7,"href":"https:\/\/www.kirche-langenfeld.de\/ev\/wp-json\/wp\/v2\/pages\/720\/revisions"}],"predecessor-version":[{"id":13435,"href":"https:\/\/www.kirche-langenfeld.de\/ev\/wp-json\/wp\/v2\/pages\/720\/revisions\/13435"}],"wp:attachment":[{"href":"https:\/\/www.kirche-langenfeld.de\/ev\/wp-json\/wp\/v2\/media?parent=720"}],"curies":[{"name":"wp","href":"https:\/\/api.w.org\/{rel}","templated":true}]}}