{"id":653,"date":"2020-10-24T18:37:40","date_gmt":"2020-10-24T16:37:40","guid":{"rendered":"https:\/\/www.kirche-langenfeld.de\/ev\/?page_id=653"},"modified":"2025-10-08T13:23:57","modified_gmt":"2025-10-08T11:23:57","slug":"oekumenekreis-richrath","status":"publish","type":"page","link":"https:\/\/www.kirche-langenfeld.de\/ev\/seelsorge\/oekumenekreis-richrath\/","title":{"rendered":"\u00d6kumenekreis Richrath"},"content":{"rendered":"\n<figure class=\"wp-block-image size-large is-resized\"><img loading=\"lazy\" decoding=\"async\" width=\"793\" height=\"555\" src=\"https:\/\/www.kirche-langenfeld.de\/ev\/wp-content\/uploads\/2020\/10\/Oekumenekreis-Logo.jpg\" alt=\"\" class=\"wp-image-707\" style=\"width:296px;height:206px\" srcset=\"https:\/\/www.kirche-langenfeld.de\/ev\/wp-content\/uploads\/2020\/10\/Oekumenekreis-Logo.jpg 793w, https:\/\/www.kirche-langenfeld.de\/ev\/wp-content\/uploads\/2020\/10\/Oekumenekreis-Logo-300x210.jpg 300w, https:\/\/www.kirche-langenfeld.de\/ev\/wp-content\/uploads\/2020\/10\/Oekumenekreis-Logo-768x538.jpg 768w\" sizes=\"auto, (max-width: 793px) 100vw, 793px\" \/><\/figure>\n\n\n\n<p>Der Arbeitskreis \u00d6kumene in Richrath trifft sich ca. sechs bis sieben Mal im Jahr um \u00f6kumenische Aktivit\u00e4ten zu organisieren.<\/p>\n\n\n\n<p>Neue Mitstreiter sind herzlich willkommen!<\/p>\n\n\n\n<p>Termine entnehmen Sie bitte dem&nbsp;<strong>Kalender.<\/strong><\/p>\n\n\n\n<p><strong>Ansprechpartnerin<\/strong>\u00a0<a href=\"https:\/\/www.kirche-langenfeld.de\/ev\/pfarrerinnen\/\">Pfarrerin Silke Wipperf\u00fcrth<\/a>, Telefon 02173 \u2013 7 24 74.<\/p>\n\n\n\n<p>Hier planen wir auch die kommenden \u00d6kumenischen Veranstaltungen, wie z.B.&nbsp;&nbsp;<strong>Kirchenhopping<\/strong><\/p>\n","protected":false},"excerpt":{"rendered":"<p>Der Arbeitskreis \u00d6kumene in Richrath trifft sich ca. sechs bis sieben Mal im Jahr um \u00f6kumenische Aktivit\u00e4ten zu organisieren. Neue Mitstreiter sind herzlich willkommen! Termine entnehmen Sie bitte dem&nbsp;Kalender. Ansprechpartnerin\u00a0Pfarrerin Silke Wipperf\u00fcrth, Telefon 02173 \u2013 7 24 74. Hier planen wir auch die kommenden \u00d6kumenischen Veranstaltungen, wie z.B.&nbsp;&nbsp;Kirchenhopping<\/p>\n","protected":false},"author":1,"featured_media":707,"parent":648,"menu_order":0,"comment_status":"closed","ping_status":"closed","template":"","meta":{"_uag_custom_page_level_css":"","pgc_sgb_lightbox_settings":"","ocean_post_layout":"","ocean_both_sidebars_style":"","ocean_both_sidebars_content_width":0,"ocean_both_sidebars_sidebars_width":0,"ocean_sidebar":"0","ocean_second_sidebar":"0","ocean_disable_margins":"enable","ocean_add_body_class":"","ocean_shortcode_before_top_bar":"","ocean_shortcode_after_top_bar":"","ocean_shortcode_before_header":"","ocean_shortcode_after_header":"","ocean_has_shortcode":"","ocean_shortcode_after_title":"","ocean_shortcode_before_footer_widgets":"","ocean_shortcode_after_footer_widgets":"","ocean_shortcode_before_footer_bottom":"","ocean_shortcode_after_footer_bottom":"","ocean_display_top_bar":"default","ocean_display_header":"default","ocean_header_style":"","ocean_center_header_left_menu":"0","ocean_custom_header_template":"0","ocean_custom_logo":0,"ocean_custom_retina_logo":0,"ocean_custom_logo_max_width":0,"ocean_custom_logo_tablet_max_width":0,"ocean_custom_logo_mobile_max_width":0,"ocean_custom_logo_max_height":0,"ocean_custom_logo_tablet_max_height":0,"ocean_custom_logo_mobile_max_height":0,"ocean_header_custom_menu":"0","ocean_menu_typo_font_family":"0","ocean_menu_typo_font_subset":"","ocean_menu_typo_font_size":0,"ocean_menu_typo_font_size_tablet":0,"ocean_menu_typo_font_size_mobile":0,"ocean_menu_typo_font_size_unit":"px","ocean_menu_typo_font_weight":"","ocean_menu_typo_font_weight_tablet":"","ocean_menu_typo_font_weight_mobile":"","ocean_menu_typo_transform":"","ocean_menu_typo_transform_tablet":"","ocean_menu_typo_transform_mobile":"","ocean_menu_typo_line_height":0,"ocean_menu_typo_line_height_tablet":0,"ocean_menu_typo_line_height_mobile":0,"ocean_menu_typo_line_height_unit":"","ocean_menu_typo_spacing":0,"ocean_menu_typo_spacing_tablet":0,"ocean_menu_typo_spacing_mobile":0,"ocean_menu_typo_spacing_unit":"","ocean_menu_link_color":"","ocean_menu_link_color_hover":"","ocean_menu_link_color_active":"","ocean_menu_link_background":"","ocean_menu_link_hover_background":"","ocean_menu_link_active_background":"","ocean_menu_social_links_bg":"","ocean_menu_social_hover_links_bg":"","ocean_menu_social_links_color":"","ocean_menu_social_hover_links_color":"","ocean_disable_title":"default","ocean_disable_heading":"default","ocean_post_title":"","ocean_post_subheading":"","ocean_post_title_style":"","ocean_post_title_background_color":"","ocean_post_title_background":0,"ocean_post_title_bg_image_position":"","ocean_post_title_bg_image_attachment":"","ocean_post_title_bg_image_repeat":"","ocean_post_title_bg_image_size":"","ocean_post_title_height":0,"ocean_post_title_bg_overlay":0.5,"ocean_post_title_bg_overlay_color":"","ocean_disable_breadcrumbs":"default","ocean_breadcrumbs_color":"","ocean_breadcrumbs_separator_color":"","ocean_breadcrumbs_links_color":"","ocean_breadcrumbs_links_hover_color":"","ocean_display_footer_widgets":"default","ocean_display_footer_bottom":"default","ocean_custom_footer_template":"0","footnotes":""},"class_list":["post-653","page","type-page","status-publish","has-post-thumbnail","hentry","entry","has-media"],"featured_image_src":"https:\/\/www.kirche-langenfeld.de\/ev\/wp-content\/uploads\/2020\/10\/Oekumenekreis-Logo.jpg","yoast_head":"<!-- This site is optimized with the Yoast SEO plugin v27.0 - https:\/\/yoast.com\/product\/yoast-seo-wordpress\/ -->\n<title>\u00d6kumenekreis Richrath - Evangelische Kirchengemeinde Langenfeld<\/title>\n<meta name=\"robots\" content=\"index, follow, max-snippet:-1, max-image-preview:large, max-video-preview:-1\" \/>\n<link rel=\"canonical\" href=\"https:\/\/www.kirche-langenfeld.de\/ev\/seelsorge\/oekumenekreis-richrath\/\" \/>\n<meta property=\"og:locale\" content=\"de_DE\" \/>\n<meta property=\"og:type\" content=\"article\" \/>\n<meta property=\"og:title\" content=\"\u00d6kumenekreis Richrath - Evangelische Kirchengemeinde Langenfeld\" \/>\n<meta property=\"og:description\" content=\"Der Arbeitskreis \u00d6kumene in Richrath trifft sich ca. sechs bis sieben Mal im Jahr um \u00f6kumenische Aktivit\u00e4ten zu organisieren. Neue Mitstreiter sind herzlich willkommen! Termine entnehmen Sie bitte dem&nbsp;Kalender. Ansprechpartnerin\u00a0Pfarrerin Silke Wipperf\u00fcrth, Telefon 02173 \u2013 7 24 74. Hier planen wir auch die kommenden \u00d6kumenischen Veranstaltungen, wie z.B.&nbsp;&nbsp;Kirchenhopping\" \/>\n<meta property=\"og:url\" content=\"https:\/\/www.kirche-langenfeld.de\/ev\/seelsorge\/oekumenekreis-richrath\/\" \/>\n<meta property=\"og:site_name\" content=\"Evangelische Kirchengemeinde Langenfeld\" \/>\n<meta property=\"article:modified_time\" content=\"2025-10-08T11:23:57+00:00\" \/>\n<meta property=\"og:image\" content=\"https:\/\/www.kirche-langenfeld.de\/ev\/wp-content\/uploads\/2020\/10\/Oekumenekreis-Logo.jpg\" \/>\n\t<meta property=\"og:image:width\" content=\"793\" \/>\n\t<meta property=\"og:image:height\" content=\"555\" \/>\n\t<meta property=\"og:image:type\" content=\"image\/jpeg\" \/>\n<meta name=\"twitter:card\" content=\"summary_large_image\" \/>\n<meta name=\"twitter:label1\" content=\"Gesch\u00e4tzte Lesezeit\" \/>\n\t<meta name=\"twitter:data1\" content=\"1\u00a0Minute\" \/>\n<script type=\"application\/ld+json\" class=\"yoast-schema-graph\">{\"@context\":\"https:\/\/schema.org\",\"@graph\":[{\"@type\":\"WebPage\",\"@id\":\"https:\/\/www.kirche-langenfeld.de\/ev\/seelsorge\/oekumenekreis-richrath\/\",\"url\":\"https:\/\/www.kirche-langenfeld.de\/ev\/seelsorge\/oekumenekreis-richrath\/\",\"name\":\"\u00d6kumenekreis Richrath - Evangelische Kirchengemeinde Langenfeld\",\"isPartOf\":{\"@id\":\"https:\/\/www.kirche-langenfeld.de\/ev\/#website\"},\"primaryImageOfPage\":{\"@id\":\"https:\/\/www.kirche-langenfeld.de\/ev\/seelsorge\/oekumenekreis-richrath\/#primaryimage\"},\"image\":{\"@id\":\"https:\/\/www.kirche-langenfeld.de\/ev\/seelsorge\/oekumenekreis-richrath\/#primaryimage\"},\"thumbnailUrl\":\"https:\/\/www.kirche-langenfeld.de\/ev\/wp-content\/uploads\/2020\/10\/Oekumenekreis-Logo.jpg\",\"datePublished\":\"2020-10-24T16:37:40+00:00\",\"dateModified\":\"2025-10-08T11:23:57+00:00\",\"breadcrumb\":{\"@id\":\"https:\/\/www.kirche-langenfeld.de\/ev\/seelsorge\/oekumenekreis-richrath\/#breadcrumb\"},\"inLanguage\":\"de\",\"potentialAction\":[{\"@type\":\"ReadAction\",\"target\":[\"https:\/\/www.kirche-langenfeld.de\/ev\/seelsorge\/oekumenekreis-richrath\/\"]}]},{\"@type\":\"ImageObject\",\"inLanguage\":\"de\",\"@id\":\"https:\/\/www.kirche-langenfeld.de\/ev\/seelsorge\/oekumenekreis-richrath\/#primaryimage\",\"url\":\"https:\/\/www.kirche-langenfeld.de\/ev\/wp-content\/uploads\/2020\/10\/Oekumenekreis-Logo.jpg\",\"contentUrl\":\"https:\/\/www.kirche-langenfeld.de\/ev\/wp-content\/uploads\/2020\/10\/Oekumenekreis-Logo.jpg\",\"width\":793,\"height\":555,\"caption\":\"Logo des \u00d6kumenischen Arbeiskreises Richrath\"},{\"@type\":\"BreadcrumbList\",\"@id\":\"https:\/\/www.kirche-langenfeld.de\/ev\/seelsorge\/oekumenekreis-richrath\/#breadcrumb\",\"itemListElement\":[{\"@type\":\"ListItem\",\"position\":1,\"name\":\"Startseite\",\"item\":\"https:\/\/www.kirche-langenfeld.de\/ev\/\"},{\"@type\":\"ListItem\",\"position\":2,\"name\":\"Seelsorge\",\"item\":\"https:\/\/www.kirche-langenfeld.de\/ev\/seelsorge\/\"},{\"@type\":\"ListItem\",\"position\":3,\"name\":\"\u00d6kumenekreis Richrath\"}]},{\"@type\":\"WebSite\",\"@id\":\"https:\/\/www.kirche-langenfeld.de\/ev\/#website\",\"url\":\"https:\/\/www.kirche-langenfeld.de\/ev\/\",\"name\":\"Evangelische Kirchengemeinde Langenfeld\",\"description\":\"Informationen rund um unsere Gemeinde\",\"publisher\":{\"@id\":\"https:\/\/www.kirche-langenfeld.de\/ev\/#organization\"},\"potentialAction\":[{\"@type\":\"SearchAction\",\"target\":{\"@type\":\"EntryPoint\",\"urlTemplate\":\"https:\/\/www.kirche-langenfeld.de\/ev\/?s={search_term_string}\"},\"query-input\":{\"@type\":\"PropertyValueSpecification\",\"valueRequired\":true,\"valueName\":\"search_term_string\"}}],\"inLanguage\":\"de\"},{\"@type\":\"Organization\",\"@id\":\"https:\/\/www.kirche-langenfeld.de\/ev\/#organization\",\"name\":\"Evangelische Kirchengemeinde Langenfeld\",\"url\":\"https:\/\/www.kirche-langenfeld.de\/ev\/\",\"logo\":{\"@type\":\"ImageObject\",\"inLanguage\":\"de\",\"@id\":\"https:\/\/www.kirche-langenfeld.de\/ev\/#\/schema\/logo\/image\/\",\"url\":\"https:\/\/www.kirche-langenfeld.de\/ev\/wp-content\/uploads\/2020\/09\/logo-ev-2020.png\",\"contentUrl\":\"https:\/\/www.kirche-langenfeld.de\/ev\/wp-content\/uploads\/2020\/09\/logo-ev-2020.png\",\"width\":276,\"height\":200,\"caption\":\"Evangelische Kirchengemeinde Langenfeld\"},\"image\":{\"@id\":\"https:\/\/www.kirche-langenfeld.de\/ev\/#\/schema\/logo\/image\/\"}}]}<\/script>\n<!-- \/ Yoast SEO plugin. -->","yoast_head_json":{"title":"\u00d6kumenekreis Richrath - Evangelische Kirchengemeinde Langenfeld","robots":{"index":"index","follow":"follow","max-snippet":"max-snippet:-1","max-image-preview":"max-image-preview:large","max-video-preview":"max-video-preview:-1"},"canonical":"https:\/\/www.kirche-langenfeld.de\/ev\/seelsorge\/oekumenekreis-richrath\/","og_locale":"de_DE","og_type":"article","og_title":"\u00d6kumenekreis Richrath - Evangelische Kirchengemeinde Langenfeld","og_description":"Der Arbeitskreis \u00d6kumene in Richrath trifft sich ca. sechs bis sieben Mal im Jahr um \u00f6kumenische Aktivit\u00e4ten zu organisieren. Neue Mitstreiter sind herzlich willkommen! Termine entnehmen Sie bitte dem&nbsp;Kalender. Ansprechpartnerin\u00a0Pfarrerin Silke Wipperf\u00fcrth, Telefon 02173 \u2013 7 24 74. Hier planen wir auch die kommenden \u00d6kumenischen Veranstaltungen, wie z.B.&nbsp;&nbsp;Kirchenhopping","og_url":"https:\/\/www.kirche-langenfeld.de\/ev\/seelsorge\/oekumenekreis-richrath\/","og_site_name":"Evangelische Kirchengemeinde Langenfeld","article_modified_time":"2025-10-08T11:23:57+00:00","og_image":[{"width":793,"height":555,"url":"https:\/\/www.kirche-langenfeld.de\/ev\/wp-content\/uploads\/2020\/10\/Oekumenekreis-Logo.jpg","type":"image\/jpeg"}],"twitter_card":"summary_large_image","twitter_misc":{"Gesch\u00e4tzte Lesezeit":"1\u00a0Minute"},"schema":{"@context":"https:\/\/schema.org","@graph":[{"@type":"WebPage","@id":"https:\/\/www.kirche-langenfeld.de\/ev\/seelsorge\/oekumenekreis-richrath\/","url":"https:\/\/www.kirche-langenfeld.de\/ev\/seelsorge\/oekumenekreis-richrath\/","name":"\u00d6kumenekreis Richrath - Evangelische Kirchengemeinde Langenfeld","isPartOf":{"@id":"https:\/\/www.kirche-langenfeld.de\/ev\/#website"},"primaryImageOfPage":{"@id":"https:\/\/www.kirche-langenfeld.de\/ev\/seelsorge\/oekumenekreis-richrath\/#primaryimage"},"image":{"@id":"https:\/\/www.kirche-langenfeld.de\/ev\/seelsorge\/oekumenekreis-richrath\/#primaryimage"},"thumbnailUrl":"https:\/\/www.kirche-langenfeld.de\/ev\/wp-content\/uploads\/2020\/10\/Oekumenekreis-Logo.jpg","datePublished":"2020-10-24T16:37:40+00:00","dateModified":"2025-10-08T11:23:57+00:00","breadcrumb":{"@id":"https:\/\/www.kirche-langenfeld.de\/ev\/seelsorge\/oekumenekreis-richrath\/#breadcrumb"},"inLanguage":"de","potentialAction":[{"@type":"ReadAction","target":["https:\/\/www.kirche-langenfeld.de\/ev\/seelsorge\/oekumenekreis-richrath\/"]}]},{"@type":"ImageObject","inLanguage":"de","@id":"https:\/\/www.kirche-langenfeld.de\/ev\/seelsorge\/oekumenekreis-richrath\/#primaryimage","url":"https:\/\/www.kirche-langenfeld.de\/ev\/wp-content\/uploads\/2020\/10\/Oekumenekreis-Logo.jpg","contentUrl":"https:\/\/www.kirche-langenfeld.de\/ev\/wp-content\/uploads\/2020\/10\/Oekumenekreis-Logo.jpg","width":793,"height":555,"caption":"Logo des \u00d6kumenischen Arbeiskreises Richrath"},{"@type":"BreadcrumbList","@id":"https:\/\/www.kirche-langenfeld.de\/ev\/seelsorge\/oekumenekreis-richrath\/#breadcrumb","itemListElement":[{"@type":"ListItem","position":1,"name":"Startseite","item":"https:\/\/www.kirche-langenfeld.de\/ev\/"},{"@type":"ListItem","position":2,"name":"Seelsorge","item":"https:\/\/www.kirche-langenfeld.de\/ev\/seelsorge\/"},{"@type":"ListItem","position":3,"name":"\u00d6kumenekreis Richrath"}]},{"@type":"WebSite","@id":"https:\/\/www.kirche-langenfeld.de\/ev\/#website","url":"https:\/\/www.kirche-langenfeld.de\/ev\/","name":"Evangelische Kirchengemeinde Langenfeld","description":"Informationen rund um unsere Gemeinde","publisher":{"@id":"https:\/\/www.kirche-langenfeld.de\/ev\/#organization"},"potentialAction":[{"@type":"SearchAction","target":{"@type":"EntryPoint","urlTemplate":"https:\/\/www.kirche-langenfeld.de\/ev\/?s={search_term_string}"},"query-input":{"@type":"PropertyValueSpecification","valueRequired":true,"valueName":"search_term_string"}}],"inLanguage":"de"},{"@type":"Organization","@id":"https:\/\/www.kirche-langenfeld.de\/ev\/#organization","name":"Evangelische Kirchengemeinde Langenfeld","url":"https:\/\/www.kirche-langenfeld.de\/ev\/","logo":{"@type":"ImageObject","inLanguage":"de","@id":"https:\/\/www.kirche-langenfeld.de\/ev\/#\/schema\/logo\/image\/","url":"https:\/\/www.kirche-langenfeld.de\/ev\/wp-content\/uploads\/2020\/09\/logo-ev-2020.png","contentUrl":"https:\/\/www.kirche-langenfeld.de\/ev\/wp-content\/uploads\/2020\/09\/logo-ev-2020.png","width":276,"height":200,"caption":"Evangelische Kirchengemeinde Langenfeld"},"image":{"@id":"https:\/\/www.kirche-langenfeld.de\/ev\/#\/schema\/logo\/image\/"}}]}},"uagb_featured_image_src":{"full":["https:\/\/www.kirche-langenfeld.de\/ev\/wp-content\/uploads\/2020\/10\/Oekumenekreis-Logo.jpg",793,555,false],"thumbnail":["https:\/\/www.kirche-langenfeld.de\/ev\/wp-content\/uploads\/2020\/10\/Oekumenekreis-Logo-150x150.jpg",150,150,true],"medium":["https:\/\/www.kirche-langenfeld.de\/ev\/wp-content\/uploads\/2020\/10\/Oekumenekreis-Logo-300x210.jpg",300,210,true],"medium_large":["https:\/\/www.kirche-langenfeld.de\/ev\/wp-content\/uploads\/2020\/10\/Oekumenekreis-Logo-768x538.jpg",768,538,true],"large":["https:\/\/www.kirche-langenfeld.de\/ev\/wp-content\/uploads\/2020\/10\/Oekumenekreis-Logo.jpg",793,555,false],"1536x1536":["https:\/\/www.kirche-langenfeld.de\/ev\/wp-content\/uploads\/2020\/10\/Oekumenekreis-Logo.jpg",793,555,false],"2048x2048":["https:\/\/www.kirche-langenfeld.de\/ev\/wp-content\/uploads\/2020\/10\/Oekumenekreis-Logo.jpg",793,555,false],"ocean-thumb-m":["https:\/\/www.kirche-langenfeld.de\/ev\/wp-content\/uploads\/2020\/10\/Oekumenekreis-Logo.jpg",600,420,false],"ocean-thumb-ml":["https:\/\/www.kirche-langenfeld.de\/ev\/wp-content\/uploads\/2020\/10\/Oekumenekreis-Logo.jpg",643,450,false],"ocean-thumb-l":["https:\/\/www.kirche-langenfeld.de\/ev\/wp-content\/uploads\/2020\/10\/Oekumenekreis-Logo.jpg",793,555,false]},"uagb_author_info":{"display_name":"Nora Mieke","author_link":"https:\/\/www.kirche-langenfeld.de\/ev\/author\/admin-mieke\/"},"uagb_comment_info":0,"uagb_excerpt":"Der Arbeitskreis \u00d6kumene in Richrath trifft sich ca. sechs bis sieben Mal im Jahr um \u00f6kumenische Aktivit\u00e4ten zu organisieren. Neue Mitstreiter sind herzlich willkommen! Termine entnehmen Sie bitte dem&nbsp;Kalender. Ansprechpartnerin\u00a0Pfarrerin Silke Wipperf\u00fcrth, Telefon 02173 \u2013 7 24 74. Hier planen wir auch die kommenden \u00d6kumenischen Veranstaltungen, wie z.B.&nbsp;&nbsp;Kirchenhopping","_links":{"self":[{"href":"https:\/\/www.kirche-langenfeld.de\/ev\/wp-json\/wp\/v2\/pages\/653","targetHints":{"allow":["GET"]}}],"collection":[{"href":"https:\/\/www.kirche-langenfeld.de\/ev\/wp-json\/wp\/v2\/pages"}],"about":[{"href":"https:\/\/www.kirche-langenfeld.de\/ev\/wp-json\/wp\/v2\/types\/page"}],"author":[{"embeddable":true,"href":"https:\/\/www.kirche-langenfeld.de\/ev\/wp-json\/wp\/v2\/users\/1"}],"replies":[{"embeddable":true,"href":"https:\/\/www.kirche-langenfeld.de\/ev\/wp-json\/wp\/v2\/comments?post=653"}],"version-history":[{"count":3,"href":"https:\/\/www.kirche-langenfeld.de\/ev\/wp-json\/wp\/v2\/pages\/653\/revisions"}],"predecessor-version":[{"id":14659,"href":"https:\/\/www.kirche-langenfeld.de\/ev\/wp-json\/wp\/v2\/pages\/653\/revisions\/14659"}],"up":[{"embeddable":true,"href":"https:\/\/www.kirche-langenfeld.de\/ev\/wp-json\/wp\/v2\/pages\/648"}],"wp:featuredmedia":[{"embeddable":true,"href":"https:\/\/www.kirche-langenfeld.de\/ev\/wp-json\/wp\/v2\/media\/707"}],"wp:attachment":[{"href":"https:\/\/www.kirche-langenfeld.de\/ev\/wp-json\/wp\/v2\/media?parent=653"}],"curies":[{"name":"wp","href":"https:\/\/api.w.org\/{rel}","templated":true}]}}