{"id":576,"date":"2020-10-24T11:31:06","date_gmt":"2020-10-24T09:31:06","guid":{"rendered":"https:\/\/www.kirche-langenfeld.de\/ev\/?page_id=576"},"modified":"2026-01-03T10:13:33","modified_gmt":"2026-01-03T09:13:33","slug":"gemeindebuero","status":"publish","type":"page","link":"https:\/\/www.kirche-langenfeld.de\/ev\/gemeindebuero\/","title":{"rendered":"Gemeindeb\u00fcro"},"content":{"rendered":"\n<figure class=\"wp-block-image size-full is-resized\"><img loading=\"lazy\" decoding=\"async\" width=\"640\" height=\"353\" src=\"https:\/\/www.kirche-langenfeld.de\/ev\/wp-content\/uploads\/2021\/06\/Gemeindezentrum-Erloeserkirche-e1624263021962.jpg\" alt=\"Gemeindezentrum\" class=\"wp-image-4623\" srcset=\"https:\/\/www.kirche-langenfeld.de\/ev\/wp-content\/uploads\/2021\/06\/Gemeindezentrum-Erloeserkirche-e1624263021962.jpg 640w, https:\/\/www.kirche-langenfeld.de\/ev\/wp-content\/uploads\/2021\/06\/Gemeindezentrum-Erloeserkirche-e1624263021962-300x165.jpg 300w\" sizes=\"auto, (max-width: 640px) 100vw, 640px\" \/><figcaption class=\"wp-element-caption\">Foto: Dominik Pioch<\/figcaption><\/figure>\n\n\n\n<div id=\"uagb-tabs_tab2\" class=\"wp-block-uagb-container uagb-block-1ed36b9d alignfull uagb-is-root-container\"><div class=\"uagb-container-inner-blocks-wrap\">\n<div class=\"wp-block-uagb-tabs uagb-block-300e754d uagb-tabs__wrap uagb-tabs__hstyle1-desktop uagb-tabs__vstyle6-tablet uagb-tabs__stack1-mobile\" data-tab-active=\"0\"><ul class=\"uagb-tabs__panel uagb-tabs__align-left\" role=\"tablist\"><li class=\"uagb-tab uagb-tabs__active\" role=\"none\"><a href=\"#uagb-tabs__tab0\" class=\"uagb-tabs-list uagb-tabs__icon-position-right\" data-tab=\"0\" role=\"tab\"><div>Adresse<\/div><span class=\"uagb-tabs__icon\"><svg xmlns=\"https:\/\/www.w3.org\/2000\/svg\" viewBox=\"0 0 384 512\"><path d=\"M192 384c-8.188 0-16.38-3.125-22.62-9.375l-160-160c-12.5-12.5-12.5-32.75 0-45.25s32.75-12.5 45.25 0L192 306.8l137.4-137.4c12.5-12.5 32.75-12.5 45.25 0s12.5 32.75 0 45.25l-160 160C208.4 380.9 200.2 384 192 384z\"><\/path><\/svg><\/span><\/a><\/li><li class=\"uagb-tab \" role=\"none\"><a href=\"#uagb-tabs__tab1\" class=\"uagb-tabs-list uagb-tabs__icon-position-right\" data-tab=\"1\" role=\"tab\"><div>\u00d6ffnungszeiten<\/div><span class=\"uagb-tabs__icon\"><svg xmlns=\"https:\/\/www.w3.org\/2000\/svg\" viewBox=\"0 0 384 512\"><path d=\"M192 384c-8.188 0-16.38-3.125-22.62-9.375l-160-160c-12.5-12.5-12.5-32.75 0-45.25s32.75-12.5 45.25 0L192 306.8l137.4-137.4c12.5-12.5 32.75-12.5 45.25 0s12.5 32.75 0 45.25l-160 160C208.4 380.9 200.2 384 192 384z\"><\/path><\/svg><\/span><\/a><\/li><li class=\"uagb-tab \" role=\"none\"><a href=\"#uagb-tabs__tab2\" class=\"uagb-tabs-list uagb-tabs__icon-position-right\" data-tab=\"2\" role=\"tab\"><div>Bankverbindung<\/div><span class=\"uagb-tabs__icon\"><svg xmlns=\"https:\/\/www.w3.org\/2000\/svg\" viewBox=\"0 0 384 512\"><path d=\"M192 384c-8.188 0-16.38-3.125-22.62-9.375l-160-160c-12.5-12.5-12.5-32.75 0-45.25s32.75-12.5 45.25 0L192 306.8l137.4-137.4c12.5-12.5 32.75-12.5 45.25 0s12.5 32.75 0 45.25l-160 160C208.4 380.9 200.2 384 192 384z\"><\/path><\/svg><\/span><\/a><\/li><\/ul><div class=\"uagb-tabs__body-wrap\">\n<div class=\"wp-block-uagb-tabs-child uagb-tabs__body-container uagb-inner-tab-0\" aria-labelledby=\"uagb-tabs__tab0\">\n<p>Evangelisches Gemeindeb\u00fcro Langenfeld<br>an der Erl\u00f6serkirche<br>Hardt 23<br>40764 Langenfeld<\/p>\n\n\n\n<p>Telefon: 02173 92 77-0<br>E-Mail:&nbsp;<a data-type=\"mailto\" data-id=\"mailto:langenfeld@ekir.de\" href=\"mailto:langenfeld@ekir.de\" target=\"_blank\" rel=\"noreferrer noopener\">langenfeld@ekir.de<\/a><\/p>\n<\/div>\n\n\n\n<div class=\"wp-block-uagb-tabs-child uagb-tabs__body-container uagb-inner-tab-1\" aria-labelledby=\"uagb-tabs__tab1\">\n<p>dienstags \u2013 donnerstags<br>10:00 \u2013 12:00 Uhr<\/p>\n\n\n\n<p>dienstags (au\u00dferhalb der Schulferien)<br>15:00 \u2013 17:00 Uhr<\/p>\n\n\n\n<p>In den Schulferien ist nachmittags geschlossen.<\/p>\n<\/div>\n\n\n\n<div class=\"wp-block-uagb-tabs-child uagb-tabs__body-container uagb-inner-tab-2\" aria-labelledby=\"uagb-tabs__tab2\">\n<p>Evangelische Kirchengemeinde Langenfeld<br><strong>Stadtsparkasse Langenfeld<\/strong><br>IBAN: DE 12 3755 1780 0000 1038 46<br>BIC: WELADED1LAF<\/p>\n\n\n\n<p>Evangelische Kirchengemeinde Langenfeld<br><strong>KD-Bank<\/strong><br>IBAN: DE13 3506 0190 1010 3700 07<br>BIC: GENODED1DKD<\/p>\n\n\n\n<p>Bitte Verwendungszweck angeben<\/p>\n<\/div>\n<\/div><\/div>\n<\/div><\/div>\n\n\n\n<section class=\"wp-block-uagb-columns uagb-columns__wrap uagb-columns__background-none uagb-columns__stack-mobile uagb-columns__valign- uagb-columns__gap-10 align uagb-block-1d7989e7 uagb-columns__columns-2 uagb-columns__max_width-theme\"><div class=\"uagb-columns__overlay\"><\/div><div class=\"uagb-columns__inner-wrap uagb-columns__columns-2\">\n<div class=\"wp-block-uagb-column uagb-column__wrap uagb-column__background-undefined uagb-block-4154c27c\"><div class=\"uagb-column__overlay\"><\/div>\n<div class=\"wp-block-uagb-info-box uagb-block-97eb87d6 uagb-infobox__content-wrap  uagb-infobox-icon-below-title uagb-infobox-image-valign-top\"><div class=\"uagb-ifb-content\"><div class=\"uagb-ifb-title-wrap\"><span class=\"uagb-ifb-title-prefix\">Allgemeine Verwaltung<\/span><h3 class=\"uagb-ifb-title\"><strong><strong>Heike Schr\u00f6der<\/strong><\/strong><\/h3><\/div><div class=\"uagb-ifb-image-content\"><img decoding=\"async\" src=\"https:\/\/www.kirche-langenfeld.de\/ev\/wp-content\/uploads\/2025\/11\/ich.jpg\" alt=\"\" width=\"220\" height=\"317\" loading=\"lazy\"\/><\/div><p class=\"uagb-ifb-desc\">Telefon: 02173 &#8211; 92 77-0<\/p><div class=\"uagb-ifb-separator\"><\/div><\/div><\/div>\n<\/div>\n\n\n\n<div class=\"wp-block-uagb-column uagb-column__wrap uagb-column__background-color uagb-block-de474a25\"><div class=\"uagb-column__overlay\"><\/div>\n<div class=\"wp-block-uagb-info-box uagb-block-76d95845 uagb-infobox__content-wrap  uagb-infobox-icon-below-title uagb-infobox-image-valign-top\"><div class=\"uagb-ifb-content\"><div class=\"uagb-ifb-title-wrap\"><span class=\"uagb-ifb-title-prefix\">Allgemeine Verwaltung<\/span><h3 class=\"uagb-ifb-title\"><strong><strong>Silke Pfeiffer<\/strong><\/strong><\/h3><\/div><div class=\"uagb-ifb-image-content\"><img decoding=\"async\" src=\"https:\/\/www.kirche-langenfeld.de\/ev\/wp-content\/uploads\/2025\/09\/2023_Silke-Pfeiffer-scaled.jpg\" alt=\"\" width=\"220\" height=\"317\" loading=\"lazy\"\/><\/div><p class=\"uagb-ifb-desc\">Telefon: 02173 &#8211; 92 77-0<\/p><div class=\"uagb-ifb-separator\"><\/div><\/div><\/div>\n<\/div>\n<\/div><\/section>\n\n\n\n<p class=\"has-small-font-size\">Mehr Informationen im <a href=\"https:\/\/www.kirche-langenfeld.de\/ev\/impressum\/\">Impressum<\/a><\/p>\n","protected":false},"excerpt":{"rendered":"<p>Mehr Informationen im Impressum<\/p>\n","protected":false},"author":1,"featured_media":4623,"parent":0,"menu_order":0,"comment_status":"closed","ping_status":"closed","template":"","meta":{"_uag_custom_page_level_css":"","pgc_sgb_lightbox_settings":"","ocean_post_layout":"","ocean_both_sidebars_style":"","ocean_both_sidebars_content_width":0,"ocean_both_sidebars_sidebars_width":0,"ocean_sidebar":"0","ocean_second_sidebar":"0","ocean_disable_margins":"enable","ocean_add_body_class":"","ocean_shortcode_before_top_bar":"","ocean_shortcode_after_top_bar":"","ocean_shortcode_before_header":"","ocean_shortcode_after_header":"","ocean_has_shortcode":"","ocean_shortcode_after_title":"","ocean_shortcode_before_footer_widgets":"","ocean_shortcode_after_footer_widgets":"","ocean_shortcode_before_footer_bottom":"","ocean_shortcode_after_footer_bottom":"","ocean_display_top_bar":"default","ocean_display_header":"default","ocean_header_style":"","ocean_center_header_left_menu":"0","ocean_custom_header_template":"0","ocean_custom_logo":0,"ocean_custom_retina_logo":0,"ocean_custom_logo_max_width":0,"ocean_custom_logo_tablet_max_width":0,"ocean_custom_logo_mobile_max_width":0,"ocean_custom_logo_max_height":0,"ocean_custom_logo_tablet_max_height":0,"ocean_custom_logo_mobile_max_height":0,"ocean_header_custom_menu":"0","ocean_menu_typo_font_family":"0","ocean_menu_typo_font_subset":"","ocean_menu_typo_font_size":0,"ocean_menu_typo_font_size_tablet":0,"ocean_menu_typo_font_size_mobile":0,"ocean_menu_typo_font_size_unit":"px","ocean_menu_typo_font_weight":"","ocean_menu_typo_font_weight_tablet":"","ocean_menu_typo_font_weight_mobile":"","ocean_menu_typo_transform":"","ocean_menu_typo_transform_tablet":"","ocean_menu_typo_transform_mobile":"","ocean_menu_typo_line_height":0,"ocean_menu_typo_line_height_tablet":0,"ocean_menu_typo_line_height_mobile":0,"ocean_menu_typo_line_height_unit":"","ocean_menu_typo_spacing":0,"ocean_menu_typo_spacing_tablet":0,"ocean_menu_typo_spacing_mobile":0,"ocean_menu_typo_spacing_unit":"","ocean_menu_link_color":"","ocean_menu_link_color_hover":"","ocean_menu_link_color_active":"","ocean_menu_link_background":"","ocean_menu_link_hover_background":"","ocean_menu_link_active_background":"","ocean_menu_social_links_bg":"","ocean_menu_social_hover_links_bg":"","ocean_menu_social_links_color":"","ocean_menu_social_hover_links_color":"","ocean_disable_title":"default","ocean_disable_heading":"default","ocean_post_title":"","ocean_post_subheading":"","ocean_post_title_style":"","ocean_post_title_background_color":"","ocean_post_title_background":0,"ocean_post_title_bg_image_position":"","ocean_post_title_bg_image_attachment":"","ocean_post_title_bg_image_repeat":"","ocean_post_title_bg_image_size":"","ocean_post_title_height":0,"ocean_post_title_bg_overlay":0.5,"ocean_post_title_bg_overlay_color":"","ocean_disable_breadcrumbs":"default","ocean_breadcrumbs_color":"","ocean_breadcrumbs_separator_color":"","ocean_breadcrumbs_links_color":"","ocean_breadcrumbs_links_hover_color":"","ocean_display_footer_widgets":"default","ocean_display_footer_bottom":"default","ocean_custom_footer_template":"0","footnotes":""},"class_list":["post-576","page","type-page","status-publish","has-post-thumbnail","hentry","entry","has-media"],"featured_image_src":"https:\/\/www.kirche-langenfeld.de\/ev\/wp-content\/uploads\/2021\/06\/Gemeindezentrum-Erloeserkirche-e1624263021962.jpg","yoast_head":"<!-- This site is optimized with the Yoast SEO plugin v27.0 - https:\/\/yoast.com\/product\/yoast-seo-wordpress\/ -->\n<title>Gemeindeb\u00fcro - Evangelische Kirchengemeinde Langenfeld<\/title>\n<meta name=\"description\" content=\"Ev. Gemeindeb\u00fcro Langenfeld an der Erl\u00f6serkirche, Hardt 23, 40764 Langenfeld, Telefon: 02173 92 77-0, Fax: 02173 92 77-24, E-Mail: langenfeld@ekir.de\" \/>\n<meta name=\"robots\" content=\"index, follow, max-snippet:-1, max-image-preview:large, max-video-preview:-1\" \/>\n<link rel=\"canonical\" href=\"https:\/\/www.kirche-langenfeld.de\/ev\/gemeindebuero\/\" \/>\n<meta property=\"og:locale\" content=\"de_DE\" \/>\n<meta property=\"og:type\" content=\"article\" \/>\n<meta property=\"og:title\" content=\"Gemeindeb\u00fcro - Evangelische Kirchengemeinde Langenfeld\" \/>\n<meta property=\"og:description\" content=\"Ev. Gemeindeb\u00fcro Langenfeld an der Erl\u00f6serkirche, Hardt 23, 40764 Langenfeld, Telefon: 02173 92 77-0, Fax: 02173 92 77-24, E-Mail: langenfeld@ekir.de\" \/>\n<meta property=\"og:url\" content=\"https:\/\/www.kirche-langenfeld.de\/ev\/gemeindebuero\/\" \/>\n<meta property=\"og:site_name\" content=\"Evangelische Kirchengemeinde Langenfeld\" \/>\n<meta property=\"article:modified_time\" content=\"2026-01-03T09:13:33+00:00\" \/>\n<meta property=\"og:image\" content=\"https:\/\/www.kirche-langenfeld.de\/ev\/wp-content\/uploads\/2021\/06\/Gemeindezentrum-Erloeserkirche-e1624263021962.jpg\" \/>\n\t<meta property=\"og:image:width\" content=\"640\" \/>\n\t<meta property=\"og:image:height\" content=\"353\" \/>\n\t<meta property=\"og:image:type\" content=\"image\/jpeg\" \/>\n<meta name=\"twitter:card\" content=\"summary_large_image\" \/>\n<meta name=\"twitter:label1\" content=\"Gesch\u00e4tzte Lesezeit\" \/>\n\t<meta name=\"twitter:data1\" content=\"2\u00a0Minuten\" \/>\n<script type=\"application\/ld+json\" class=\"yoast-schema-graph\">{\"@context\":\"https:\/\/schema.org\",\"@graph\":[{\"@type\":\"WebPage\",\"@id\":\"https:\/\/www.kirche-langenfeld.de\/ev\/gemeindebuero\/\",\"url\":\"https:\/\/www.kirche-langenfeld.de\/ev\/gemeindebuero\/\",\"name\":\"Gemeindeb\u00fcro - Evangelische Kirchengemeinde Langenfeld\",\"isPartOf\":{\"@id\":\"https:\/\/www.kirche-langenfeld.de\/ev\/#website\"},\"primaryImageOfPage\":{\"@id\":\"https:\/\/www.kirche-langenfeld.de\/ev\/gemeindebuero\/#primaryimage\"},\"image\":{\"@id\":\"https:\/\/www.kirche-langenfeld.de\/ev\/gemeindebuero\/#primaryimage\"},\"thumbnailUrl\":\"https:\/\/www.kirche-langenfeld.de\/ev\/wp-content\/uploads\/2021\/06\/Gemeindezentrum-Erloeserkirche-e1624263021962.jpg\",\"datePublished\":\"2020-10-24T09:31:06+00:00\",\"dateModified\":\"2026-01-03T09:13:33+00:00\",\"description\":\"Ev. Gemeindeb\u00fcro Langenfeld an der Erl\u00f6serkirche, Hardt 23, 40764 Langenfeld, Telefon: 02173 92 77-0, Fax: 02173 92 77-24, E-Mail: langenfeld@ekir.de\",\"breadcrumb\":{\"@id\":\"https:\/\/www.kirche-langenfeld.de\/ev\/gemeindebuero\/#breadcrumb\"},\"inLanguage\":\"de\",\"potentialAction\":[{\"@type\":\"ReadAction\",\"target\":[\"https:\/\/www.kirche-langenfeld.de\/ev\/gemeindebuero\/\"]}]},{\"@type\":\"ImageObject\",\"inLanguage\":\"de\",\"@id\":\"https:\/\/www.kirche-langenfeld.de\/ev\/gemeindebuero\/#primaryimage\",\"url\":\"https:\/\/www.kirche-langenfeld.de\/ev\/wp-content\/uploads\/2021\/06\/Gemeindezentrum-Erloeserkirche-e1624263021962.jpg\",\"contentUrl\":\"https:\/\/www.kirche-langenfeld.de\/ev\/wp-content\/uploads\/2021\/06\/Gemeindezentrum-Erloeserkirche-e1624263021962.jpg\",\"width\":640,\"height\":353,\"caption\":\"Gemeindezentrum\"},{\"@type\":\"BreadcrumbList\",\"@id\":\"https:\/\/www.kirche-langenfeld.de\/ev\/gemeindebuero\/#breadcrumb\",\"itemListElement\":[{\"@type\":\"ListItem\",\"position\":1,\"name\":\"Startseite\",\"item\":\"https:\/\/www.kirche-langenfeld.de\/ev\/\"},{\"@type\":\"ListItem\",\"position\":2,\"name\":\"Gemeindeb\u00fcro\"}]},{\"@type\":\"WebSite\",\"@id\":\"https:\/\/www.kirche-langenfeld.de\/ev\/#website\",\"url\":\"https:\/\/www.kirche-langenfeld.de\/ev\/\",\"name\":\"Evangelische Kirchengemeinde Langenfeld\",\"description\":\"Informationen rund um unsere Gemeinde\",\"publisher\":{\"@id\":\"https:\/\/www.kirche-langenfeld.de\/ev\/#organization\"},\"potentialAction\":[{\"@type\":\"SearchAction\",\"target\":{\"@type\":\"EntryPoint\",\"urlTemplate\":\"https:\/\/www.kirche-langenfeld.de\/ev\/?s={search_term_string}\"},\"query-input\":{\"@type\":\"PropertyValueSpecification\",\"valueRequired\":true,\"valueName\":\"search_term_string\"}}],\"inLanguage\":\"de\"},{\"@type\":\"Organization\",\"@id\":\"https:\/\/www.kirche-langenfeld.de\/ev\/#organization\",\"name\":\"Evangelische Kirchengemeinde Langenfeld\",\"url\":\"https:\/\/www.kirche-langenfeld.de\/ev\/\",\"logo\":{\"@type\":\"ImageObject\",\"inLanguage\":\"de\",\"@id\":\"https:\/\/www.kirche-langenfeld.de\/ev\/#\/schema\/logo\/image\/\",\"url\":\"https:\/\/www.kirche-langenfeld.de\/ev\/wp-content\/uploads\/2020\/09\/logo-ev-2020.png\",\"contentUrl\":\"https:\/\/www.kirche-langenfeld.de\/ev\/wp-content\/uploads\/2020\/09\/logo-ev-2020.png\",\"width\":276,\"height\":200,\"caption\":\"Evangelische Kirchengemeinde Langenfeld\"},\"image\":{\"@id\":\"https:\/\/www.kirche-langenfeld.de\/ev\/#\/schema\/logo\/image\/\"}}]}<\/script>\n<!-- \/ Yoast SEO plugin. -->","yoast_head_json":{"title":"Gemeindeb\u00fcro - Evangelische Kirchengemeinde Langenfeld","description":"Ev. Gemeindeb\u00fcro Langenfeld an der Erl\u00f6serkirche, Hardt 23, 40764 Langenfeld, Telefon: 02173 92 77-0, Fax: 02173 92 77-24, E-Mail: langenfeld@ekir.de","robots":{"index":"index","follow":"follow","max-snippet":"max-snippet:-1","max-image-preview":"max-image-preview:large","max-video-preview":"max-video-preview:-1"},"canonical":"https:\/\/www.kirche-langenfeld.de\/ev\/gemeindebuero\/","og_locale":"de_DE","og_type":"article","og_title":"Gemeindeb\u00fcro - Evangelische Kirchengemeinde Langenfeld","og_description":"Ev. Gemeindeb\u00fcro Langenfeld an der Erl\u00f6serkirche, Hardt 23, 40764 Langenfeld, Telefon: 02173 92 77-0, Fax: 02173 92 77-24, E-Mail: langenfeld@ekir.de","og_url":"https:\/\/www.kirche-langenfeld.de\/ev\/gemeindebuero\/","og_site_name":"Evangelische Kirchengemeinde Langenfeld","article_modified_time":"2026-01-03T09:13:33+00:00","og_image":[{"width":640,"height":353,"url":"https:\/\/www.kirche-langenfeld.de\/ev\/wp-content\/uploads\/2021\/06\/Gemeindezentrum-Erloeserkirche-e1624263021962.jpg","type":"image\/jpeg"}],"twitter_card":"summary_large_image","twitter_misc":{"Gesch\u00e4tzte Lesezeit":"2\u00a0Minuten"},"schema":{"@context":"https:\/\/schema.org","@graph":[{"@type":"WebPage","@id":"https:\/\/www.kirche-langenfeld.de\/ev\/gemeindebuero\/","url":"https:\/\/www.kirche-langenfeld.de\/ev\/gemeindebuero\/","name":"Gemeindeb\u00fcro - Evangelische Kirchengemeinde Langenfeld","isPartOf":{"@id":"https:\/\/www.kirche-langenfeld.de\/ev\/#website"},"primaryImageOfPage":{"@id":"https:\/\/www.kirche-langenfeld.de\/ev\/gemeindebuero\/#primaryimage"},"image":{"@id":"https:\/\/www.kirche-langenfeld.de\/ev\/gemeindebuero\/#primaryimage"},"thumbnailUrl":"https:\/\/www.kirche-langenfeld.de\/ev\/wp-content\/uploads\/2021\/06\/Gemeindezentrum-Erloeserkirche-e1624263021962.jpg","datePublished":"2020-10-24T09:31:06+00:00","dateModified":"2026-01-03T09:13:33+00:00","description":"Ev. Gemeindeb\u00fcro Langenfeld an der Erl\u00f6serkirche, Hardt 23, 40764 Langenfeld, Telefon: 02173 92 77-0, Fax: 02173 92 77-24, E-Mail: langenfeld@ekir.de","breadcrumb":{"@id":"https:\/\/www.kirche-langenfeld.de\/ev\/gemeindebuero\/#breadcrumb"},"inLanguage":"de","potentialAction":[{"@type":"ReadAction","target":["https:\/\/www.kirche-langenfeld.de\/ev\/gemeindebuero\/"]}]},{"@type":"ImageObject","inLanguage":"de","@id":"https:\/\/www.kirche-langenfeld.de\/ev\/gemeindebuero\/#primaryimage","url":"https:\/\/www.kirche-langenfeld.de\/ev\/wp-content\/uploads\/2021\/06\/Gemeindezentrum-Erloeserkirche-e1624263021962.jpg","contentUrl":"https:\/\/www.kirche-langenfeld.de\/ev\/wp-content\/uploads\/2021\/06\/Gemeindezentrum-Erloeserkirche-e1624263021962.jpg","width":640,"height":353,"caption":"Gemeindezentrum"},{"@type":"BreadcrumbList","@id":"https:\/\/www.kirche-langenfeld.de\/ev\/gemeindebuero\/#breadcrumb","itemListElement":[{"@type":"ListItem","position":1,"name":"Startseite","item":"https:\/\/www.kirche-langenfeld.de\/ev\/"},{"@type":"ListItem","position":2,"name":"Gemeindeb\u00fcro"}]},{"@type":"WebSite","@id":"https:\/\/www.kirche-langenfeld.de\/ev\/#website","url":"https:\/\/www.kirche-langenfeld.de\/ev\/","name":"Evangelische Kirchengemeinde Langenfeld","description":"Informationen rund um unsere Gemeinde","publisher":{"@id":"https:\/\/www.kirche-langenfeld.de\/ev\/#organization"},"potentialAction":[{"@type":"SearchAction","target":{"@type":"EntryPoint","urlTemplate":"https:\/\/www.kirche-langenfeld.de\/ev\/?s={search_term_string}"},"query-input":{"@type":"PropertyValueSpecification","valueRequired":true,"valueName":"search_term_string"}}],"inLanguage":"de"},{"@type":"Organization","@id":"https:\/\/www.kirche-langenfeld.de\/ev\/#organization","name":"Evangelische Kirchengemeinde Langenfeld","url":"https:\/\/www.kirche-langenfeld.de\/ev\/","logo":{"@type":"ImageObject","inLanguage":"de","@id":"https:\/\/www.kirche-langenfeld.de\/ev\/#\/schema\/logo\/image\/","url":"https:\/\/www.kirche-langenfeld.de\/ev\/wp-content\/uploads\/2020\/09\/logo-ev-2020.png","contentUrl":"https:\/\/www.kirche-langenfeld.de\/ev\/wp-content\/uploads\/2020\/09\/logo-ev-2020.png","width":276,"height":200,"caption":"Evangelische Kirchengemeinde Langenfeld"},"image":{"@id":"https:\/\/www.kirche-langenfeld.de\/ev\/#\/schema\/logo\/image\/"}}]}},"uagb_featured_image_src":{"full":["https:\/\/www.kirche-langenfeld.de\/ev\/wp-content\/uploads\/2021\/06\/Gemeindezentrum-Erloeserkirche-e1624263021962.jpg",640,353,false],"thumbnail":["https:\/\/www.kirche-langenfeld.de\/ev\/wp-content\/uploads\/2021\/06\/Gemeindezentrum-Erloeserkirche-e1624263021962-150x150.jpg",150,150,true],"medium":["https:\/\/www.kirche-langenfeld.de\/ev\/wp-content\/uploads\/2021\/06\/Gemeindezentrum-Erloeserkirche-e1624263021962-300x165.jpg",300,165,true],"medium_large":["https:\/\/www.kirche-langenfeld.de\/ev\/wp-content\/uploads\/2021\/06\/Gemeindezentrum-Erloeserkirche-e1624263021962.jpg",640,353,false],"large":["https:\/\/www.kirche-langenfeld.de\/ev\/wp-content\/uploads\/2021\/06\/Gemeindezentrum-Erloeserkirche-e1624263021962.jpg",640,353,false],"1536x1536":["https:\/\/www.kirche-langenfeld.de\/ev\/wp-content\/uploads\/2021\/06\/Gemeindezentrum-Erloeserkirche-e1624263021962.jpg",640,353,false],"2048x2048":["https:\/\/www.kirche-langenfeld.de\/ev\/wp-content\/uploads\/2021\/06\/Gemeindezentrum-Erloeserkirche-e1624263021962.jpg",640,353,false],"ocean-thumb-m":["https:\/\/www.kirche-langenfeld.de\/ev\/wp-content\/uploads\/2021\/06\/Gemeindezentrum-Erloeserkirche-e1624263021962.jpg",600,331,false],"ocean-thumb-ml":["https:\/\/www.kirche-langenfeld.de\/ev\/wp-content\/uploads\/2021\/06\/Gemeindezentrum-Erloeserkirche-e1624263021962.jpg",640,353,false],"ocean-thumb-l":["https:\/\/www.kirche-langenfeld.de\/ev\/wp-content\/uploads\/2021\/06\/Gemeindezentrum-Erloeserkirche-e1624263021962.jpg",640,353,false]},"uagb_author_info":{"display_name":"Nora Mieke","author_link":"https:\/\/www.kirche-langenfeld.de\/ev\/author\/admin-mieke\/"},"uagb_comment_info":0,"uagb_excerpt":"Mehr Informationen im Impressum","_links":{"self":[{"href":"https:\/\/www.kirche-langenfeld.de\/ev\/wp-json\/wp\/v2\/pages\/576","targetHints":{"allow":["GET"]}}],"collection":[{"href":"https:\/\/www.kirche-langenfeld.de\/ev\/wp-json\/wp\/v2\/pages"}],"about":[{"href":"https:\/\/www.kirche-langenfeld.de\/ev\/wp-json\/wp\/v2\/types\/page"}],"author":[{"embeddable":true,"href":"https:\/\/www.kirche-langenfeld.de\/ev\/wp-json\/wp\/v2\/users\/1"}],"replies":[{"embeddable":true,"href":"https:\/\/www.kirche-langenfeld.de\/ev\/wp-json\/wp\/v2\/comments?post=576"}],"version-history":[{"count":73,"href":"https:\/\/www.kirche-langenfeld.de\/ev\/wp-json\/wp\/v2\/pages\/576\/revisions"}],"predecessor-version":[{"id":15453,"href":"https:\/\/www.kirche-langenfeld.de\/ev\/wp-json\/wp\/v2\/pages\/576\/revisions\/15453"}],"wp:featuredmedia":[{"embeddable":true,"href":"https:\/\/www.kirche-langenfeld.de\/ev\/wp-json\/wp\/v2\/media\/4623"}],"wp:attachment":[{"href":"https:\/\/www.kirche-langenfeld.de\/ev\/wp-json\/wp\/v2\/media?parent=576"}],"curies":[{"name":"wp","href":"https:\/\/api.w.org\/{rel}","templated":true}]}}