{"id":12411,"date":"2024-08-26T16:10:35","date_gmt":"2024-08-26T14:10:35","guid":{"rendered":"https:\/\/www.kirche-langenfeld.de\/ev\/?page_id=12411"},"modified":"2025-02-26T15:27:38","modified_gmt":"2025-02-26T14:27:38","slug":"vita-bernd-schroeder","status":"publish","type":"page","link":"https:\/\/www.kirche-langenfeld.de\/ev\/vita-bernd-schroeder\/","title":{"rendered":"Vita Bernd Schr\u00f6der"},"content":{"rendered":"<div class=\"wp-block-image\">\n<figure class=\"alignleft size-large is-resized\"><img loading=\"lazy\" decoding=\"async\" width=\"768\" height=\"1024\" src=\"https:\/\/www.kirche-langenfeld.de\/ev\/wp-content\/uploads\/2024\/08\/Bernd-Schroeder--768x1024.jpg\" alt=\"\" class=\"wp-image-12368\" style=\"width:354px;height:auto\" srcset=\"https:\/\/www.kirche-langenfeld.de\/ev\/wp-content\/uploads\/2024\/08\/Bernd-Schroeder--768x1024.jpg 768w, https:\/\/www.kirche-langenfeld.de\/ev\/wp-content\/uploads\/2024\/08\/Bernd-Schroeder--225x300.jpg 225w, https:\/\/www.kirche-langenfeld.de\/ev\/wp-content\/uploads\/2024\/08\/Bernd-Schroeder--1152x1536.jpg 1152w, https:\/\/www.kirche-langenfeld.de\/ev\/wp-content\/uploads\/2024\/08\/Bernd-Schroeder-.jpg 1174w\" sizes=\"auto, (max-width: 768px) 100vw, 768px\" \/><figcaption class=\"wp-element-caption\">Bernd Schr\u00f6der<\/figcaption><\/figure>\n<\/div>\n\n\n<p>\u201eAufgewachsen bin ich in D\u00fcsseldorf-Hassels, wo ich knapp 40 Jahren als C-Kirchenmusiker t\u00e4tig war. Nun verlagere ich meine kirchenmusikalische T\u00e4tigkeit in meinen Heimatort und freue mich, jetzt als Langenfelder f\u00fcr Langenfelder die Gottesdienste mitgestalten zu d\u00fcrfen. Besonders die historische Orgel in Reusrath, die ihren Ursprung vor 371 Jahren hat, reizt mich zu spielen. Und vielleicht ergibt sich auch mal die Gelegenheit, meine Trompete zum Einsatz zu bringen.<br>Ich freue mich auf die gemeinsame Zeit mit Ihnen und hoffe, auch Ihnen Freude bereiten zu k\u00f6nnen.&#8220; <\/p>\n\n\n\n<p>Bernd Schr\u00f6der beginnt seinen Dienst am 1. September und wird haupts\u00e4chlich an der Orgel der Martin-Luther-Kirche zu h\u00f6ren sein. <\/p>\n","protected":false},"excerpt":{"rendered":"<p>\u201eAufgewachsen bin ich in D\u00fcsseldorf-Hassels, wo ich knapp 40 Jahren als C-Kirchenmusiker t\u00e4tig war. Nun verlagere ich meine kirchenmusikalische T\u00e4tigkeit in meinen Heimatort und freue mich, jetzt als Langenfelder f\u00fcr Langenfelder die Gottesdienste mitgestalten zu d\u00fcrfen. Besonders die historische Orgel in Reusrath, die ihren Ursprung vor 371 Jahren hat, reizt mich zu spielen. Und vielleicht [&hellip;]<\/p>\n","protected":false},"author":9,"featured_media":12368,"parent":0,"menu_order":0,"comment_status":"closed","ping_status":"closed","template":"","meta":{"_uag_custom_page_level_css":"","pgc_sgb_lightbox_settings":"","ocean_post_layout":"","ocean_both_sidebars_style":"","ocean_both_sidebars_content_width":0,"ocean_both_sidebars_sidebars_width":0,"ocean_sidebar":"","ocean_second_sidebar":"","ocean_disable_margins":"enable","ocean_add_body_class":"","ocean_shortcode_before_top_bar":"","ocean_shortcode_after_top_bar":"","ocean_shortcode_before_header":"","ocean_shortcode_after_header":"","ocean_has_shortcode":"","ocean_shortcode_after_title":"","ocean_shortcode_before_footer_widgets":"","ocean_shortcode_after_footer_widgets":"","ocean_shortcode_before_footer_bottom":"","ocean_shortcode_after_footer_bottom":"","ocean_display_top_bar":"default","ocean_display_header":"default","ocean_header_style":"","ocean_center_header_left_menu":"","ocean_custom_header_template":"","ocean_custom_logo":0,"ocean_custom_retina_logo":0,"ocean_custom_logo_max_width":0,"ocean_custom_logo_tablet_max_width":0,"ocean_custom_logo_mobile_max_width":0,"ocean_custom_logo_max_height":0,"ocean_custom_logo_tablet_max_height":0,"ocean_custom_logo_mobile_max_height":0,"ocean_header_custom_menu":"","ocean_menu_typo_font_family":"","ocean_menu_typo_font_subset":"","ocean_menu_typo_font_size":0,"ocean_menu_typo_font_size_tablet":0,"ocean_menu_typo_font_size_mobile":0,"ocean_menu_typo_font_size_unit":"px","ocean_menu_typo_font_weight":"","ocean_menu_typo_font_weight_tablet":"","ocean_menu_typo_font_weight_mobile":"","ocean_menu_typo_transform":"","ocean_menu_typo_transform_tablet":"","ocean_menu_typo_transform_mobile":"","ocean_menu_typo_line_height":0,"ocean_menu_typo_line_height_tablet":0,"ocean_menu_typo_line_height_mobile":0,"ocean_menu_typo_line_height_unit":"","ocean_menu_typo_spacing":0,"ocean_menu_typo_spacing_tablet":0,"ocean_menu_typo_spacing_mobile":0,"ocean_menu_typo_spacing_unit":"","ocean_menu_link_color":"","ocean_menu_link_color_hover":"","ocean_menu_link_color_active":"","ocean_menu_link_background":"","ocean_menu_link_hover_background":"","ocean_menu_link_active_background":"","ocean_menu_social_links_bg":"","ocean_menu_social_hover_links_bg":"","ocean_menu_social_links_color":"","ocean_menu_social_hover_links_color":"","ocean_disable_title":"default","ocean_disable_heading":"default","ocean_post_title":"","ocean_post_subheading":"","ocean_post_title_style":"","ocean_post_title_background_color":"","ocean_post_title_background":0,"ocean_post_title_bg_image_position":"","ocean_post_title_bg_image_attachment":"","ocean_post_title_bg_image_repeat":"","ocean_post_title_bg_image_size":"","ocean_post_title_height":0,"ocean_post_title_bg_overlay":0.5,"ocean_post_title_bg_overlay_color":"","ocean_disable_breadcrumbs":"default","ocean_breadcrumbs_color":"","ocean_breadcrumbs_separator_color":"","ocean_breadcrumbs_links_color":"","ocean_breadcrumbs_links_hover_color":"","ocean_display_footer_widgets":"default","ocean_display_footer_bottom":"default","ocean_custom_footer_template":"","footnotes":""},"class_list":["post-12411","page","type-page","status-publish","has-post-thumbnail","hentry","entry","has-media"],"featured_image_src":"https:\/\/www.kirche-langenfeld.de\/ev\/wp-content\/uploads\/2024\/08\/Bernd-Schroeder-.jpg","yoast_head":"<!-- This site is optimized with the Yoast SEO plugin v27.0 - https:\/\/yoast.com\/product\/yoast-seo-wordpress\/ -->\n<title>Vita Bernd Schr\u00f6der - Evangelische Kirchengemeinde Langenfeld<\/title>\n<meta name=\"robots\" content=\"index, follow, max-snippet:-1, max-image-preview:large, max-video-preview:-1\" \/>\n<link rel=\"canonical\" href=\"https:\/\/www.kirche-langenfeld.de\/ev\/vita-bernd-schroeder\/\" \/>\n<meta property=\"og:locale\" content=\"de_DE\" \/>\n<meta property=\"og:type\" content=\"article\" \/>\n<meta property=\"og:title\" content=\"Vita Bernd Schr\u00f6der - Evangelische Kirchengemeinde Langenfeld\" \/>\n<meta property=\"og:description\" content=\"\u201eAufgewachsen bin ich in D\u00fcsseldorf-Hassels, wo ich knapp 40 Jahren als C-Kirchenmusiker t\u00e4tig war. Nun verlagere ich meine kirchenmusikalische T\u00e4tigkeit in meinen Heimatort und freue mich, jetzt als Langenfelder f\u00fcr Langenfelder die Gottesdienste mitgestalten zu d\u00fcrfen. Besonders die historische Orgel in Reusrath, die ihren Ursprung vor 371 Jahren hat, reizt mich zu spielen. Und vielleicht [&hellip;]\" \/>\n<meta property=\"og:url\" content=\"https:\/\/www.kirche-langenfeld.de\/ev\/vita-bernd-schroeder\/\" \/>\n<meta property=\"og:site_name\" content=\"Evangelische Kirchengemeinde Langenfeld\" \/>\n<meta property=\"article:modified_time\" content=\"2025-02-26T14:27:38+00:00\" \/>\n<meta property=\"og:image\" content=\"https:\/\/www.kirche-langenfeld.de\/ev\/wp-content\/uploads\/2024\/08\/Bernd-Schroeder-.jpg\" \/>\n\t<meta property=\"og:image:width\" content=\"1174\" \/>\n\t<meta property=\"og:image:height\" content=\"1566\" \/>\n\t<meta property=\"og:image:type\" content=\"image\/jpeg\" \/>\n<meta name=\"twitter:card\" content=\"summary_large_image\" \/>\n<meta name=\"twitter:label1\" content=\"Gesch\u00e4tzte Lesezeit\" \/>\n\t<meta name=\"twitter:data1\" content=\"1\u00a0Minute\" \/>\n<script type=\"application\/ld+json\" class=\"yoast-schema-graph\">{\"@context\":\"https:\/\/schema.org\",\"@graph\":[{\"@type\":\"WebPage\",\"@id\":\"https:\/\/www.kirche-langenfeld.de\/ev\/vita-bernd-schroeder\/\",\"url\":\"https:\/\/www.kirche-langenfeld.de\/ev\/vita-bernd-schroeder\/\",\"name\":\"Vita Bernd Schr\u00f6der - Evangelische Kirchengemeinde Langenfeld\",\"isPartOf\":{\"@id\":\"https:\/\/www.kirche-langenfeld.de\/ev\/#website\"},\"primaryImageOfPage\":{\"@id\":\"https:\/\/www.kirche-langenfeld.de\/ev\/vita-bernd-schroeder\/#primaryimage\"},\"image\":{\"@id\":\"https:\/\/www.kirche-langenfeld.de\/ev\/vita-bernd-schroeder\/#primaryimage\"},\"thumbnailUrl\":\"https:\/\/www.kirche-langenfeld.de\/ev\/wp-content\/uploads\/2024\/08\/Bernd-Schroeder-.jpg\",\"datePublished\":\"2024-08-26T14:10:35+00:00\",\"dateModified\":\"2025-02-26T14:27:38+00:00\",\"breadcrumb\":{\"@id\":\"https:\/\/www.kirche-langenfeld.de\/ev\/vita-bernd-schroeder\/#breadcrumb\"},\"inLanguage\":\"de\",\"potentialAction\":[{\"@type\":\"ReadAction\",\"target\":[\"https:\/\/www.kirche-langenfeld.de\/ev\/vita-bernd-schroeder\/\"]}]},{\"@type\":\"ImageObject\",\"inLanguage\":\"de\",\"@id\":\"https:\/\/www.kirche-langenfeld.de\/ev\/vita-bernd-schroeder\/#primaryimage\",\"url\":\"https:\/\/www.kirche-langenfeld.de\/ev\/wp-content\/uploads\/2024\/08\/Bernd-Schroeder-.jpg\",\"contentUrl\":\"https:\/\/www.kirche-langenfeld.de\/ev\/wp-content\/uploads\/2024\/08\/Bernd-Schroeder-.jpg\",\"width\":1174,\"height\":1566,\"caption\":\"Bernd Schr\u00f6der\"},{\"@type\":\"BreadcrumbList\",\"@id\":\"https:\/\/www.kirche-langenfeld.de\/ev\/vita-bernd-schroeder\/#breadcrumb\",\"itemListElement\":[{\"@type\":\"ListItem\",\"position\":1,\"name\":\"Startseite\",\"item\":\"https:\/\/www.kirche-langenfeld.de\/ev\/\"},{\"@type\":\"ListItem\",\"position\":2,\"name\":\"Vita Bernd Schr\u00f6der\"}]},{\"@type\":\"WebSite\",\"@id\":\"https:\/\/www.kirche-langenfeld.de\/ev\/#website\",\"url\":\"https:\/\/www.kirche-langenfeld.de\/ev\/\",\"name\":\"Evangelische Kirchengemeinde Langenfeld\",\"description\":\"Informationen rund um unsere Gemeinde\",\"publisher\":{\"@id\":\"https:\/\/www.kirche-langenfeld.de\/ev\/#organization\"},\"potentialAction\":[{\"@type\":\"SearchAction\",\"target\":{\"@type\":\"EntryPoint\",\"urlTemplate\":\"https:\/\/www.kirche-langenfeld.de\/ev\/?s={search_term_string}\"},\"query-input\":{\"@type\":\"PropertyValueSpecification\",\"valueRequired\":true,\"valueName\":\"search_term_string\"}}],\"inLanguage\":\"de\"},{\"@type\":\"Organization\",\"@id\":\"https:\/\/www.kirche-langenfeld.de\/ev\/#organization\",\"name\":\"Evangelische Kirchengemeinde Langenfeld\",\"url\":\"https:\/\/www.kirche-langenfeld.de\/ev\/\",\"logo\":{\"@type\":\"ImageObject\",\"inLanguage\":\"de\",\"@id\":\"https:\/\/www.kirche-langenfeld.de\/ev\/#\/schema\/logo\/image\/\",\"url\":\"https:\/\/www.kirche-langenfeld.de\/ev\/wp-content\/uploads\/2020\/09\/logo-ev-2020.png\",\"contentUrl\":\"https:\/\/www.kirche-langenfeld.de\/ev\/wp-content\/uploads\/2020\/09\/logo-ev-2020.png\",\"width\":276,\"height\":200,\"caption\":\"Evangelische Kirchengemeinde Langenfeld\"},\"image\":{\"@id\":\"https:\/\/www.kirche-langenfeld.de\/ev\/#\/schema\/logo\/image\/\"}}]}<\/script>\n<!-- \/ Yoast SEO plugin. -->","yoast_head_json":{"title":"Vita Bernd Schr\u00f6der - Evangelische Kirchengemeinde Langenfeld","robots":{"index":"index","follow":"follow","max-snippet":"max-snippet:-1","max-image-preview":"max-image-preview:large","max-video-preview":"max-video-preview:-1"},"canonical":"https:\/\/www.kirche-langenfeld.de\/ev\/vita-bernd-schroeder\/","og_locale":"de_DE","og_type":"article","og_title":"Vita Bernd Schr\u00f6der - Evangelische Kirchengemeinde Langenfeld","og_description":"\u201eAufgewachsen bin ich in D\u00fcsseldorf-Hassels, wo ich knapp 40 Jahren als C-Kirchenmusiker t\u00e4tig war. Nun verlagere ich meine kirchenmusikalische T\u00e4tigkeit in meinen Heimatort und freue mich, jetzt als Langenfelder f\u00fcr Langenfelder die Gottesdienste mitgestalten zu d\u00fcrfen. Besonders die historische Orgel in Reusrath, die ihren Ursprung vor 371 Jahren hat, reizt mich zu spielen. Und vielleicht [&hellip;]","og_url":"https:\/\/www.kirche-langenfeld.de\/ev\/vita-bernd-schroeder\/","og_site_name":"Evangelische Kirchengemeinde Langenfeld","article_modified_time":"2025-02-26T14:27:38+00:00","og_image":[{"width":1174,"height":1566,"url":"https:\/\/www.kirche-langenfeld.de\/ev\/wp-content\/uploads\/2024\/08\/Bernd-Schroeder-.jpg","type":"image\/jpeg"}],"twitter_card":"summary_large_image","twitter_misc":{"Gesch\u00e4tzte Lesezeit":"1\u00a0Minute"},"schema":{"@context":"https:\/\/schema.org","@graph":[{"@type":"WebPage","@id":"https:\/\/www.kirche-langenfeld.de\/ev\/vita-bernd-schroeder\/","url":"https:\/\/www.kirche-langenfeld.de\/ev\/vita-bernd-schroeder\/","name":"Vita Bernd Schr\u00f6der - Evangelische Kirchengemeinde Langenfeld","isPartOf":{"@id":"https:\/\/www.kirche-langenfeld.de\/ev\/#website"},"primaryImageOfPage":{"@id":"https:\/\/www.kirche-langenfeld.de\/ev\/vita-bernd-schroeder\/#primaryimage"},"image":{"@id":"https:\/\/www.kirche-langenfeld.de\/ev\/vita-bernd-schroeder\/#primaryimage"},"thumbnailUrl":"https:\/\/www.kirche-langenfeld.de\/ev\/wp-content\/uploads\/2024\/08\/Bernd-Schroeder-.jpg","datePublished":"2024-08-26T14:10:35+00:00","dateModified":"2025-02-26T14:27:38+00:00","breadcrumb":{"@id":"https:\/\/www.kirche-langenfeld.de\/ev\/vita-bernd-schroeder\/#breadcrumb"},"inLanguage":"de","potentialAction":[{"@type":"ReadAction","target":["https:\/\/www.kirche-langenfeld.de\/ev\/vita-bernd-schroeder\/"]}]},{"@type":"ImageObject","inLanguage":"de","@id":"https:\/\/www.kirche-langenfeld.de\/ev\/vita-bernd-schroeder\/#primaryimage","url":"https:\/\/www.kirche-langenfeld.de\/ev\/wp-content\/uploads\/2024\/08\/Bernd-Schroeder-.jpg","contentUrl":"https:\/\/www.kirche-langenfeld.de\/ev\/wp-content\/uploads\/2024\/08\/Bernd-Schroeder-.jpg","width":1174,"height":1566,"caption":"Bernd Schr\u00f6der"},{"@type":"BreadcrumbList","@id":"https:\/\/www.kirche-langenfeld.de\/ev\/vita-bernd-schroeder\/#breadcrumb","itemListElement":[{"@type":"ListItem","position":1,"name":"Startseite","item":"https:\/\/www.kirche-langenfeld.de\/ev\/"},{"@type":"ListItem","position":2,"name":"Vita Bernd Schr\u00f6der"}]},{"@type":"WebSite","@id":"https:\/\/www.kirche-langenfeld.de\/ev\/#website","url":"https:\/\/www.kirche-langenfeld.de\/ev\/","name":"Evangelische Kirchengemeinde Langenfeld","description":"Informationen rund um unsere Gemeinde","publisher":{"@id":"https:\/\/www.kirche-langenfeld.de\/ev\/#organization"},"potentialAction":[{"@type":"SearchAction","target":{"@type":"EntryPoint","urlTemplate":"https:\/\/www.kirche-langenfeld.de\/ev\/?s={search_term_string}"},"query-input":{"@type":"PropertyValueSpecification","valueRequired":true,"valueName":"search_term_string"}}],"inLanguage":"de"},{"@type":"Organization","@id":"https:\/\/www.kirche-langenfeld.de\/ev\/#organization","name":"Evangelische Kirchengemeinde Langenfeld","url":"https:\/\/www.kirche-langenfeld.de\/ev\/","logo":{"@type":"ImageObject","inLanguage":"de","@id":"https:\/\/www.kirche-langenfeld.de\/ev\/#\/schema\/logo\/image\/","url":"https:\/\/www.kirche-langenfeld.de\/ev\/wp-content\/uploads\/2020\/09\/logo-ev-2020.png","contentUrl":"https:\/\/www.kirche-langenfeld.de\/ev\/wp-content\/uploads\/2020\/09\/logo-ev-2020.png","width":276,"height":200,"caption":"Evangelische Kirchengemeinde Langenfeld"},"image":{"@id":"https:\/\/www.kirche-langenfeld.de\/ev\/#\/schema\/logo\/image\/"}}]}},"uagb_featured_image_src":{"full":["https:\/\/www.kirche-langenfeld.de\/ev\/wp-content\/uploads\/2024\/08\/Bernd-Schroeder-.jpg",1174,1566,false],"thumbnail":["https:\/\/www.kirche-langenfeld.de\/ev\/wp-content\/uploads\/2024\/08\/Bernd-Schroeder--150x150.jpg",150,150,true],"medium":["https:\/\/www.kirche-langenfeld.de\/ev\/wp-content\/uploads\/2024\/08\/Bernd-Schroeder--225x300.jpg",225,300,true],"medium_large":["https:\/\/www.kirche-langenfeld.de\/ev\/wp-content\/uploads\/2024\/08\/Bernd-Schroeder--768x1024.jpg",768,1024,true],"large":["https:\/\/www.kirche-langenfeld.de\/ev\/wp-content\/uploads\/2024\/08\/Bernd-Schroeder--768x1024.jpg",768,1024,true],"1536x1536":["https:\/\/www.kirche-langenfeld.de\/ev\/wp-content\/uploads\/2024\/08\/Bernd-Schroeder--1152x1536.jpg",1152,1536,true],"2048x2048":["https:\/\/www.kirche-langenfeld.de\/ev\/wp-content\/uploads\/2024\/08\/Bernd-Schroeder-.jpg",1174,1566,false],"ocean-thumb-m":["https:\/\/www.kirche-langenfeld.de\/ev\/wp-content\/uploads\/2024\/08\/Bernd-Schroeder--600x600.jpg",600,600,true],"ocean-thumb-ml":["https:\/\/www.kirche-langenfeld.de\/ev\/wp-content\/uploads\/2024\/08\/Bernd-Schroeder--800x450.jpg",800,450,true],"ocean-thumb-l":["https:\/\/www.kirche-langenfeld.de\/ev\/wp-content\/uploads\/2024\/08\/Bernd-Schroeder--1174x700.jpg",1174,700,true]},"uagb_author_info":{"display_name":"Ulrike Sch\u00f6n","author_link":"https:\/\/www.kirche-langenfeld.de\/ev\/author\/ulrike-schoen\/"},"uagb_comment_info":0,"uagb_excerpt":"\u201eAufgewachsen bin ich in D\u00fcsseldorf-Hassels, wo ich knapp 40 Jahren als C-Kirchenmusiker t\u00e4tig war. Nun verlagere ich meine kirchenmusikalische T\u00e4tigkeit in meinen Heimatort und freue mich, jetzt als Langenfelder f\u00fcr Langenfelder die Gottesdienste mitgestalten zu d\u00fcrfen. Besonders die historische Orgel in Reusrath, die ihren Ursprung vor 371 Jahren hat, reizt mich zu spielen. Und vielleicht&hellip;","_links":{"self":[{"href":"https:\/\/www.kirche-langenfeld.de\/ev\/wp-json\/wp\/v2\/pages\/12411","targetHints":{"allow":["GET"]}}],"collection":[{"href":"https:\/\/www.kirche-langenfeld.de\/ev\/wp-json\/wp\/v2\/pages"}],"about":[{"href":"https:\/\/www.kirche-langenfeld.de\/ev\/wp-json\/wp\/v2\/types\/page"}],"author":[{"embeddable":true,"href":"https:\/\/www.kirche-langenfeld.de\/ev\/wp-json\/wp\/v2\/users\/9"}],"replies":[{"embeddable":true,"href":"https:\/\/www.kirche-langenfeld.de\/ev\/wp-json\/wp\/v2\/comments?post=12411"}],"version-history":[{"count":2,"href":"https:\/\/www.kirche-langenfeld.de\/ev\/wp-json\/wp\/v2\/pages\/12411\/revisions"}],"predecessor-version":[{"id":13431,"href":"https:\/\/www.kirche-langenfeld.de\/ev\/wp-json\/wp\/v2\/pages\/12411\/revisions\/13431"}],"wp:featuredmedia":[{"embeddable":true,"href":"https:\/\/www.kirche-langenfeld.de\/ev\/wp-json\/wp\/v2\/media\/12368"}],"wp:attachment":[{"href":"https:\/\/www.kirche-langenfeld.de\/ev\/wp-json\/wp\/v2\/media?parent=12411"}],"curies":[{"name":"wp","href":"https:\/\/api.w.org\/{rel}","templated":true}]}}